{"id":2160,"date":"2021-04-14T17:03:00","date_gmt":"2021-04-14T15:03:00","guid":{"rendered":"http:\/\/elexim.net\/elektromobilita\/?page_id=2160"},"modified":"2022-11-22T09:03:13","modified_gmt":"2022-11-22T08:03:13","slug":"technicke-listy","status":"publish","type":"page","link":"https:\/\/elexim.net\/elektromobilita\/technicke-listy\/","title":{"rendered":"Technick\u00e9 listy"},"content":{"rendered":"\n    \n   <div class=\"produkty\" data-aos=\"fade-up\" data-aos-delay=\"100\" data-aos-duration=\"900\" data-aos-offset=\"50\">\n     \n                <div class=\"col-lg-12\">\n            <h2>Katalogov\u00e9 - technick\u00e9 listy nab\u00edjec\u00edch stanic<\/h2>\n         <\/div>\n            \n            \n      \n<div class=\"col-md-12 pad-0\" style=\"overflow-x:auto;\">\n <table class=\"table\">\n    <thead>\n      <tr>\n        <th>N\u00e1zev souboru<\/th>\n        <th>Typ<\/th>\n        <th>Vytvo\u0159eno<\/th>\n        <th>Platn\u00e9<\/th>\n        <th>Akce<\/th>\n      <\/tr>\n    <\/thead> \n          <tbody>\n                       \n       \n         \n\n    \n      <tr>\n        <td>MyBox eBike Basic | Datasheet<\/td>\n        <td>PDF<\/td>\n        <td>2022<\/td>\n        <td>Ano<\/td>\n        <td><a href=\"https:\/\/elexim.net\/elektromobilita\/wp-content\/uploads\/sites\/2\/2022\/11\/MyBox_eBike_Basic_datasheet_2str.pdf\" target=\"_blank\"><span class=\"glyphicon glyphicon-download-alt\" aria-hidden=\"true\"><\/span> St\u00e1hnout<\/a><\/td>\n      <\/tr>\n\n         \n \n      \n      \n                       \n       \n         \n\n    \n      <tr>\n        <td>MyBox Home 22kW | Datasheet<\/td>\n        <td>PDF<\/td>\n        <td>2022<\/td>\n        <td>Ano<\/td>\n        <td><a href=\"https:\/\/elexim.net\/elektromobilita\/wp-content\/uploads\/sites\/2\/2022\/11\/MyBox_HOME_datasheet_2str.pdf\" target=\"_blank\"><span class=\"glyphicon glyphicon-download-alt\" aria-hidden=\"true\"><\/span> St\u00e1hnout<\/a><\/td>\n      <\/tr>\n\n         \n \n      \n      \n                       \n       \n         \n\n    \n      <tr>\n        <td>MyBox Plus 22kW | Datasheet<\/td>\n        <td>PDF<\/td>\n        <td>2022<\/td>\n        <td>Ano<\/td>\n        <td><a href=\"https:\/\/elexim.net\/elektromobilita\/wp-content\/uploads\/sites\/2\/2022\/11\/MyBox_PLUS_datasheet_2str.pdf\" target=\"_blank\"><span class=\"glyphicon glyphicon-download-alt\" aria-hidden=\"true\"><\/span> St\u00e1hnout<\/a><\/td>\n      <\/tr>\n\n         \n \n      \n      \n                       \n       \n         \n\n    \n      <tr>\n        <td>MyBox Profi 2x22kW | Datasheet<\/td>\n        <td>PDF<\/td>\n        <td>2022<\/td>\n        <td>Ano<\/td>\n        <td><a href=\"https:\/\/elexim.net\/elektromobilita\/wp-content\/uploads\/sites\/2\/2022\/11\/MyBox_Profi_2x22kW_datasheet_2str.pdf\" target=\"_blank\"><span class=\"glyphicon glyphicon-download-alt\" aria-hidden=\"true\"><\/span> St\u00e1hnout<\/a><\/td>\n      <\/tr>\n\n         \n \n      \n      \n                       \n       \n         \n\n    \n      <tr>\n        <td>MyBox Post 2x22kW | Datasheet<\/td>\n        <td>PDF<\/td>\n        <td>2022<\/td>\n        <td>Ano<\/td>\n        <td><a href=\"https:\/\/elexim.net\/elektromobilita\/wp-content\/uploads\/sites\/2\/2022\/11\/MyBox_Post_2x22kW_datasheet_2str.pdf\" target=\"_blank\"><span class=\"glyphicon glyphicon-download-alt\" aria-hidden=\"true\"><\/span> St\u00e1hnout<\/a><\/td>\n      <\/tr>\n\n         \n \n      \n      \n                       \n       \n         \n\n    \n      <tr>\n        <td>MyBox Park | Datasheet<\/td>\n        <td>PDF<\/td>\n        <td>2022<\/td>\n        <td>Ano<\/td>\n        <td><a href=\"https:\/\/elexim.net\/elektromobilita\/wp-content\/uploads\/sites\/2\/2022\/11\/MyBox_PARK_datasheet_2str.pdf\" target=\"_blank\"><span class=\"glyphicon glyphicon-download-alt\" aria-hidden=\"true\"><\/span> St\u00e1hnout<\/a><\/td>\n      <\/tr>\n\n         \n \n      \n      \n                 <\/tbody>\n  <\/table>        \n<\/div>  \n                \n      \n      \n   <\/div> \n        \n \n    \n\n","protected":false},"excerpt":{"rendered":"","protected":false},"author":145,"featured_media":0,"parent":0,"menu_order":0,"comment_status":"closed","ping_status":"closed","template":"","meta":[],"yoast_head":"<!-- This site is optimized with the Yoast SEO plugin v16.2 - https:\/\/yoast.com\/wordpress\/plugins\/seo\/ -->\n<meta name=\"robots\" content=\"index, follow, max-snippet:-1, max-image-preview:large, max-video-preview:-1\" \/>\n<link rel=\"canonical\" href=\"https:\/\/elexim.net\/elektromobilita\/technicke-listy\/\" \/>\n<meta property=\"og:locale\" content=\"cs_CZ\" \/>\n<meta property=\"og:type\" content=\"article\" \/>\n<meta property=\"og:title\" content=\"Technick\u00e9 listy - ELEXIM - Elektromobilita\" \/>\n<meta property=\"og:url\" content=\"https:\/\/elexim.net\/elektromobilita\/technicke-listy\/\" \/>\n<meta property=\"og:site_name\" content=\"ELEXIM - Elektromobilita\" \/>\n<meta property=\"article:publisher\" content=\"https:\/\/www.facebook.com\/eleximemobilita\/\" \/>\n<meta property=\"article:modified_time\" content=\"2022-11-22T08:03:13+00:00\" \/>\n<meta name=\"twitter:card\" content=\"summary_large_image\" \/>\n<meta name=\"twitter:label1\" content=\"Odhadovan\u00e1 doba \u010dten\u00ed\">\n\t<meta name=\"twitter:data1\" content=\"1 minuta\">\n<script type=\"application\/ld+json\" class=\"yoast-schema-graph\">{\"@context\":\"https:\/\/schema.org\",\"@graph\":[{\"@type\":\"WebSite\",\"@id\":\"https:\/\/elexim.net\/elektromobilita\/#website\",\"url\":\"https:\/\/elexim.net\/elektromobilita\/\",\"name\":\"ELEXIM - Elektromobilita\",\"description\":\"Nab\\u00edz\\u00edme kompletn\\u00ed sortiment a \\u0159e\\u0161en\\u00ed v\\u00fdrobc\\u016f CIRCONTROL a APLITRONIC \\u2013 co\\u017e jsou nab\\u00edjec\\u00ed stanice, kter\\u00e9 dok\\u00e1zaly svou stabilitu, vysokou kvalitu materi\\u00e1l\\u016f a proveden\\u00ed. D\\u00edky tomu jsou spolehliv\\u00e9 pro jak\\u00fdkoliv provoz.\",\"potentialAction\":[{\"@type\":\"SearchAction\",\"target\":\"https:\/\/elexim.net\/elektromobilita\/?s={search_term_string}\",\"query-input\":\"required name=search_term_string\"}],\"inLanguage\":\"cs\"},{\"@type\":\"WebPage\",\"@id\":\"https:\/\/elexim.net\/elektromobilita\/technicke-listy\/#webpage\",\"url\":\"https:\/\/elexim.net\/elektromobilita\/technicke-listy\/\",\"name\":\"Technick\\u00e9 listy - ELEXIM - Elektromobilita\",\"isPartOf\":{\"@id\":\"https:\/\/elexim.net\/elektromobilita\/#website\"},\"datePublished\":\"2021-04-14T15:03:00+00:00\",\"dateModified\":\"2022-11-22T08:03:13+00:00\",\"breadcrumb\":{\"@id\":\"https:\/\/elexim.net\/elektromobilita\/technicke-listy\/#breadcrumb\"},\"inLanguage\":\"cs\",\"potentialAction\":[{\"@type\":\"ReadAction\",\"target\":[\"https:\/\/elexim.net\/elektromobilita\/technicke-listy\/\"]}]},{\"@type\":\"BreadcrumbList\",\"@id\":\"https:\/\/elexim.net\/elektromobilita\/technicke-listy\/#breadcrumb\",\"itemListElement\":[{\"@type\":\"ListItem\",\"position\":1,\"item\":{\"@type\":\"WebPage\",\"@id\":\"https:\/\/elexim.net\/elektromobilita\/\",\"url\":\"https:\/\/elexim.net\/elektromobilita\/\",\"name\":\"Dom\\u016f\"}},{\"@type\":\"ListItem\",\"position\":2,\"item\":{\"@id\":\"https:\/\/elexim.net\/elektromobilita\/technicke-listy\/#webpage\"}}]}]}<\/script>\n<!-- \/ Yoast SEO plugin. -->","guten_post_layout_featured_media_urls":{"full":false,"thumbnail":false,"medium":false,"medium_large":false,"large":false,"1536x1536":false,"2048x2048":false,"thumb":false,"produkt":false,"header":false,"guten_post_layout_landscape_large":false,"guten_post_layout_portrait_large":false,"guten_post_layout_square_large":false,"guten_post_layout_landscape":false,"guten_post_layout_portrait":false,"guten_post_layout_square":false},"_links":{"self":[{"href":"https:\/\/elexim.net\/elektromobilita\/wp-json\/wp\/v2\/pages\/2160"}],"collection":[{"href":"https:\/\/elexim.net\/elektromobilita\/wp-json\/wp\/v2\/pages"}],"about":[{"href":"https:\/\/elexim.net\/elektromobilita\/wp-json\/wp\/v2\/types\/page"}],"author":[{"embeddable":true,"href":"https:\/\/elexim.net\/elektromobilita\/wp-json\/wp\/v2\/users\/145"}],"replies":[{"embeddable":true,"href":"https:\/\/elexim.net\/elektromobilita\/wp-json\/wp\/v2\/comments?post=2160"}],"version-history":[{"count":43,"href":"https:\/\/elexim.net\/elektromobilita\/wp-json\/wp\/v2\/pages\/2160\/revisions"}],"predecessor-version":[{"id":4358,"href":"https:\/\/elexim.net\/elektromobilita\/wp-json\/wp\/v2\/pages\/2160\/revisions\/4358"}],"wp:attachment":[{"href":"https:\/\/elexim.net\/elektromobilita\/wp-json\/wp\/v2\/media?parent=2160"}],"curies":[{"name":"wp","href":"https:\/\/api.w.org\/{rel}","templated":true}]}}