{"id":336,"date":"2019-04-02T16:50:58","date_gmt":"2019-04-02T14:50:58","guid":{"rendered":"http:\/\/elexim.net\/elektromobilita\/?page_id=336"},"modified":"2022-11-16T16:12:40","modified_gmt":"2022-11-16T15:12:40","slug":"reference","status":"publish","type":"page","link":"https:\/\/elexim.net\/elektromobilita\/reference\/","title":{"rendered":"Reference"},"content":{"rendered":"\n<div style=\"height:100px\" aria-hidden=\"true\" class=\"wp-block-spacer\"><\/div>\n\n\n\n<hr class=\"wp-block-separator\"\/>\n\n\n\n<!-- Pocitadlo !-->\n   <div class=\"pocitadlo\" data-aos=\"fade-up\" data-aos-delay=\"100\" data-aos-duration=\"900\" data-aos-offset=\"50\">\n       \n                  \n      <div class=\"row\" id=\"counter\">\n   \n             \n<div class=\"col-xs-4\">\n    <div class=\"cislo\"><span class=\"counter-value\" data-count=\"1538\">0<\/span><\/div>\n    <div class=\"nazov\">Instalac\u00ed<\/div>\n<\/div>\n\n             \n<div class=\"col-xs-4\">\n    <div class=\"cislo\"><span class=\"counter-value\" data-count=\"307\">0<\/span><\/div>\n    <div class=\"nazov\">Klient\u016f<\/div>\n<\/div>\n\n             \n<div class=\"col-xs-4\">\n    <div class=\"cislo\"><span class=\"counter-value\" data-count=\"1365\">0<\/span>MWh<\/div>\n    <div class=\"nazov\">Nabit\u00fd v\u00fdkon<\/div>\n<\/div>\n\n     \n            \n      <\/div>    \n   <\/div>\n   \n\n\n<script>  \n$(function(){    \n$(\"html, body\").animate({ scrollTop: 1.3 }, 0);    \n    \nvar a = 0;\n$(window).scroll(function() {\n\n  var oTop = $('.pocitadlo').offset().top - window.innerHeight;\n  if (a == 0 && $(window).scrollTop() > oTop) {\n    $('.counter-value').each(function() {\n      var $this = $(this),\n        countTo = $this.attr('data-count');\n      $({\n        countNum: $this.text()\n      }).animate({\n          countNum: countTo\n        },\n\n        {\n\n          duration: 3500,\n          easing: 'swing',\n          step: function() {\n            $this.text(Math.floor(this.countNum));\n          },\n          complete: function() {\n            $this.text(this.countNum);\n            \/\/alert('finished');\n          }\n\n        });\n    });\n    a = 1;\n  }\n\n});\n});\n<\/script>\n<!-- \/\/ pocitadlo !-->\n    \n\n\n\n\n<div style=\"height:100px\" aria-hidden=\"true\" class=\"wp-block-spacer\"><\/div>\n\n\n\n<p><\/p>\n\n\n\n\n\n\n<!-- ref - desktop !-->\n<div class=\"full-w skp-ref hidden-sm hidden-xs\">\n<!-- ref - vyber !-->\n<div id=\"produkt-skupina-block_5f32a244d1f13\" class=\"vyber skp\" data-aos=\"fade-up\" data-aos-delay=\"100\" data-aos-duration=\"900\" data-aos-offset=\"-50\">\n    \n            <h2>Referen\u010dn\u00ed projekty \u010cesk\u00e1 republika<\/h2>\n        \n                 \n    \n             \n                <ul class=\"nav nav-tabs\" id=\"myTab\" role=\"tablist\">\n                    \n                                                <div id=\"8397\" class=\"odporucane\">\n                                   \n                                         \n             \n    \n                     \n                     \n                           \n                            \n                           \n                            \n                    <li role=\"presentation\" href=\"#sko-energo-mlada-boleslavblock_5f32a244d1f13\" aria-controls=\"sko-energo-mlada-boleslavblock_5f32a244d1f13\" role=\"tab\" data-toggle=\"tab\" class=\"main\">\n \n                            \n\n                                <figure style=\"background-image: url('https:\/\/elexim.net\/elektromobilita\/wp-content\/uploads\/sites\/2\/2019\/04\/pml7743-768x498-1-720x467.jpg');\"><\/figure>\n                                <h3>\u0160KO-ENERGO MLAD\u00c1 BOLESLAV<\/h3>\n                                <p>Spolu se spole\u010dnosti \u0160ko-energo jsme spustili rychlonab\u00edjec\u00ed stanici Raption 50 u leti\u0161t\u011b v Mlad\u00e9 Boleslavi.<\/p>\n                                <p class=\"cena\"><strong><\/strong><\/p>\n                    <\/li> \n                            \n                    \n                         \n                                                         \n                    \n                                         \n             \n    \n                     \n                     \n                           \n                            \n                           \n                            \n                    <li role=\"presentation\" href=\"#skoda-auto-vyrobni-zavod-mlada-boleslavblock_5f32a244d1f13\" aria-controls=\"skoda-auto-vyrobni-zavod-mlada-boleslavblock_5f32a244d1f13\" role=\"tab\" data-toggle=\"tab\" class=\"main\">\n \n                            \n\n                                <figure style=\"background-image: url('https:\/\/elexim.net\/elektromobilita\/wp-content\/uploads\/sites\/2\/2020\/07\/Obr\u00e1zek1.png');\"><\/figure>\n                                <h3>\u0160koda-Auto, v\u00fdrobn\u00ed z\u00e1vod Mlad\u00e1 Boleslav<\/h3>\n                                <p>V pr\u016fb\u011bhu cel\u00e9ho roku 2018 jsme ve v\u00fdrobn\u00edch z\u00e1vodech \u0160kody v \u010cR nainstalovali ji\u017e 150 nab\u00edjec\u00edch stanic modelov\u00e9 \u0159ady eNext a eVolve.<\/p>\n                                <p class=\"cena\"><strong><\/strong><\/p>\n                    <\/li> \n                            \n                    \n                         \n                                                         \n                    \n                                         \n             \n    \n                     \n                     \n                           \n                            \n                           \n                            \n                    <li role=\"presentation\" href=\"#nh-car-prahablock_5f32a244d1f13\" aria-controls=\"nh-car-prahablock_5f32a244d1f13\" role=\"tab\" data-toggle=\"tab\" class=\"main\">\n \n                            \n\n                                <figure style=\"background-image: url('https:\/\/elexim.net\/elektromobilita\/wp-content\/uploads\/sites\/2\/2020\/11\/NH_Car_praha.jpg');\"><\/figure>\n                                <h3>NH Car Praha<\/h3>\n                                <p>Realizace AC nab\u00edje\u010dek typu wallbox se stojanov\u00fdm um\u00edst\u011bn\u00edm.<\/p>\n                                <p class=\"cena\"><strong><\/strong><\/p>\n                    <\/li> \n                            \n                    \n                         \n                                                         \n                    \n                                         \n             \n    \n                     \n                     \n                           \n                            \n                           \n                            \n                    <li role=\"presentation\" href=\"#auto-jarovblock_5f32a244d1f13\" aria-controls=\"auto-jarovblock_5f32a244d1f13\" role=\"tab\" data-toggle=\"tab\" class=\"main\">\n \n                            \n\n                                <figure style=\"background-image: url('https:\/\/elexim.net\/elektromobilita\/wp-content\/uploads\/sites\/2\/2020\/11\/nahled-20-720x480.jpg');\"><\/figure>\n                                <h3>Auto Jarov<\/h3>\n                                <p>Pro Auto Jarov jsme realizovali dod\u00e1vku AC stanic typu post a DC stanice Hypercharger od spole\u010dnosti Alpitronic<\/p>\n                                <p class=\"cena\"><strong><\/strong><\/p>\n                    <\/li> \n                            \n                    \n                         \n                                                         \n                    \n                    \n                            \n            <\/div>    \n                <\/ul>\n\n\n<\/div>\n<!-- \/\/ ref - vyber !-->\n\n<!-- ref - detail !-->\n   <div id=\"skpblock_5f32a244d1f13\" class=\"container produkt-box\">\n         <div data-aos=\"fade-up\" data-aos-delay=\"100\" data-aos-duration=\"900\" data-aos-offset=\"-50\">\n\n                <div class=\"tab-content\">\n                    \n                    \n                    \n                    \n                    \n                    \n                     \n                     \n                           \n                            \n                    \n                         <div role=\"tabpanel\" class=\"produkt tab-pane text-center fade pad-0\" id=\"sko-energo-mlada-boleslavblock_5f32a244d1f13\">          \n\n        <div class=\"flex\">\n            \n            <div class=\"col-sm-5 col-xs-12 popis text-left\">\n\n            <h3>\u0160KO-ENERGO MLAD\u00c1 BOLESLAV<\/h3>\n            <!-- wp:paragraph -->\n<p>Spolu se spole\u010dnosti \u0160ko-energo jsme spustili rychlonab\u00edjec\u00ed stanici Raption 50 u leti\u0161t\u011b v Mlad\u00e9 Boleslavi.<\/p>\n<!-- \/wp:paragraph -->            <\/div>  \n            \n            <div class=\"col-sm-7 col-xs-12 img-2\" style=\"background-image: url('https:\/\/elexim.net\/elektromobilita\/wp-content\/uploads\/sites\/2\/2019\/04\/pml7743-768x498-1-720x467.jpg');\"><\/div>  \n\n            <div class=\"clearfix\"><\/div>                             \n        <\/div>\n                    \n                         \n                                              \n                             \n                             \n                        <\/div>\n                    \n                    \n                    \n                    \n                    \n                    \n                     \n                     \n                           \n                            \n                    \n                         <div role=\"tabpanel\" class=\"produkt tab-pane text-center fade pad-0\" id=\"skoda-auto-vyrobni-zavod-mlada-boleslavblock_5f32a244d1f13\">          \n\n        <div class=\"flex\">\n            \n            <div class=\"col-sm-5 col-xs-12 popis text-left\">\n\n            <h3>\u0160koda-Auto, v\u00fdrobn\u00ed z\u00e1vod Mlad\u00e1 Boleslav<\/h3>\n            <!-- wp:paragraph -->\n<p>V pr\u016fb\u011bhu cel\u00e9ho roku 2018 jsme ve v\u00fdrobn\u00edch z\u00e1vodech \u0160kody v \u010cR nainstalovali ji\u017e 150 nab\u00edjec\u00edch stanic modelov\u00e9 \u0159ady eNext a eVolve.<\/p>\n<!-- \/wp:paragraph -->            <\/div>  \n            \n            <div class=\"col-sm-7 col-xs-12 img-2\" style=\"background-image: url('https:\/\/elexim.net\/elektromobilita\/wp-content\/uploads\/sites\/2\/2020\/07\/Obr\u00e1zek1.png');\"><\/div>  \n\n            <div class=\"clearfix\"><\/div>                             \n        <\/div>\n                    \n                         \n                                              \n                             \n                             \n                        <\/div>\n                    \n                    \n                    \n                    \n                    \n                    \n                     \n                     \n                           \n                            \n                    \n                         <div role=\"tabpanel\" class=\"produkt tab-pane text-center fade pad-0\" id=\"nh-car-prahablock_5f32a244d1f13\">          \n\n        <div class=\"flex\">\n            \n            <div class=\"col-sm-5 col-xs-12 popis text-left\">\n\n            <h3>NH Car Praha<\/h3>\n            <!-- wp:paragraph -->\n<p>Realizace AC nab\u00edje\u010dek typu wallbox se stojanov\u00fdm um\u00edst\u011bn\u00edm.<\/p>\n<!-- \/wp:paragraph -->            <\/div>  \n            \n            <div class=\"col-sm-7 col-xs-12 img-2\" style=\"background-image: url('https:\/\/elexim.net\/elektromobilita\/wp-content\/uploads\/sites\/2\/2020\/11\/NH_Car_praha.jpg');\"><\/div>  \n\n            <div class=\"clearfix\"><\/div>                             \n        <\/div>\n                    \n                         \n                                              \n                             \n                             \n                        <\/div>\n                    \n                    \n                    \n                    \n                    \n                    \n                     \n                     \n                           \n                            \n                    \n                         <div role=\"tabpanel\" class=\"produkt tab-pane text-center fade pad-0\" id=\"auto-jarovblock_5f32a244d1f13\">          \n\n        <div class=\"flex\">\n            \n            <div class=\"col-sm-5 col-xs-12 popis text-left\">\n\n            <h3>Auto Jarov<\/h3>\n            <!-- wp:paragraph -->\n<p>Pro Auto Jarov jsme realizovali dod\u00e1vku AC stanic typu post a DC stanice Hypercharger od spole\u010dnosti Alpitronic<\/p>\n<!-- \/wp:paragraph -->            <\/div>  \n            \n            <div class=\"col-sm-7 col-xs-12 img-2\" style=\"background-image: url('https:\/\/elexim.net\/elektromobilita\/wp-content\/uploads\/sites\/2\/2020\/11\/nahled-20-720x480.jpg');\"><\/div>  \n\n            <div class=\"clearfix\"><\/div>                             \n        <\/div>\n                    \n                         \n                                              \n                             \n                             \n                        <\/div>\n                                        \n                    \n                    \n                    \n                           \n     \n                            \n                        \n                <\/div>\n            \n         <\/div>\n   <\/div>\n    \n<!-- \/\/ ref - detail !-->\n<\/div><!-- \/\/ ref - desktop !-->\n\n\n\n\n\n\n\n\n\n\n\n\n<!-- ref - mobil !-->\n<div class=\"full-w skp-ref visible-sm visible-xs hidden-md hidden-lg\" id=\"groupprodukt-skupina-block_5f32a244d1f13\">\n<!-- ref - vyber !-->\n<div id=\"xsprodukt-skupina-block_5f32a244d1f13\" class=\"vyber skp\" data-aos=\"fade-up\" data-aos-delay=\"100\" data-aos-duration=\"900\" data-aos-offset=\"-50\">\n    \n            <h2>Referen\u010dn\u00ed projekty \u010cesk\u00e1 republika<\/h2>\n        \n                 \n    \n             \n                <ul class=\"nav nav-tabs\" id=\"myTab\" role=\"tablist\">\n                    \n                                                <div id=\"6041\" class=\"odporucane\">\n                                   \n                                         \n             \n    \n                     \n                     \n                           \n                           \n\n                        \n                    <li href=\"#xssko-energo-mlada-boleslavblock_5f32a244d1f13\" data-toggle=\"collapse\" class=\"main\">\n \n                            \n\n                                <figure style=\"background-image: url('https:\/\/elexim.net\/elektromobilita\/wp-content\/uploads\/sites\/2\/2019\/04\/pml7743-768x498-1-720x467.jpg');\"><\/figure>\n                                <h3>\u0160KO-ENERGO MLAD\u00c1 BOLESLAV<\/h3>\n                                <p>Spolu se spole\u010dnosti \u0160ko-energo jsme spustili rychlonab\u00edjec\u00ed stanici Raption 50 u leti\u0161t\u011b v Mlad\u00e9 Boleslavi.<\/p>\n                                <p class=\"cena\"><strong><\/strong><\/p>\n                    <\/li> \n                            \n                    \n<!-- ref - detail !-->\n   <div id=\"skpblock_5f32a244d1f13\" class=\"container produkt-box\">\n         <div data-aos=\"fade-up\" data-aos-delay=\"100\" data-aos-duration=\"900\" data-aos-offset=\"-50\">\n\n                <div class=\"tab-content\"> \n                            \n                    \n                         <div role=\"tabpanel\" class=\"produkt collapse text-center pad-0\" id=\"xssko-energo-mlada-boleslavblock_5f32a244d1f13\">          \n\n        <div class=\"flex\">\n            \n            <div class=\"col-md-5 col-xs-12 popis bg-white text-left\">\n\n            <h3>\u0160KO-ENERGO MLAD\u00c1 BOLESLAV<\/h3>\n            <!-- wp:paragraph -->\n<p>Spolu se spole\u010dnosti \u0160ko-energo jsme spustili rychlonab\u00edjec\u00ed stanici Raption 50 u leti\u0161t\u011b v Mlad\u00e9 Boleslavi.<\/p>\n<!-- \/wp:paragraph -->            <\/div>  \n\n            <div class=\"clearfix\"><\/div>                             \n        <\/div>\n                    \n                        <\/div>\n\n          \n                        \n                <\/div>\n         <\/div>\n   <\/div><!-- \/\/ ref - detail !-->\n\n                            \n                         \n                                                         \n                    \n                                         \n             \n    \n                     \n                     \n                           \n                           \n\n                        \n                    <li href=\"#xsskoda-auto-vyrobni-zavod-mlada-boleslavblock_5f32a244d1f13\" data-toggle=\"collapse\" class=\"main\">\n \n                            \n\n                                <figure style=\"background-image: url('https:\/\/elexim.net\/elektromobilita\/wp-content\/uploads\/sites\/2\/2020\/07\/Obr\u00e1zek1.png');\"><\/figure>\n                                <h3>\u0160koda-Auto, v\u00fdrobn\u00ed z\u00e1vod Mlad\u00e1 Boleslav<\/h3>\n                                <p>V pr\u016fb\u011bhu cel\u00e9ho roku 2018 jsme ve v\u00fdrobn\u00edch z\u00e1vodech \u0160kody v \u010cR nainstalovali ji\u017e 150 nab\u00edjec\u00edch stanic modelov\u00e9 \u0159ady eNext a eVolve.<\/p>\n                                <p class=\"cena\"><strong><\/strong><\/p>\n                    <\/li> \n                            \n                    \n<!-- ref - detail !-->\n   <div id=\"skpblock_5f32a244d1f13\" class=\"container produkt-box\">\n         <div data-aos=\"fade-up\" data-aos-delay=\"100\" data-aos-duration=\"900\" data-aos-offset=\"-50\">\n\n                <div class=\"tab-content\"> \n                            \n                    \n                         <div role=\"tabpanel\" class=\"produkt collapse text-center pad-0\" id=\"xsskoda-auto-vyrobni-zavod-mlada-boleslavblock_5f32a244d1f13\">          \n\n        <div class=\"flex\">\n            \n            <div class=\"col-md-5 col-xs-12 popis bg-white text-left\">\n\n            <h3>\u0160koda-Auto, v\u00fdrobn\u00ed z\u00e1vod Mlad\u00e1 Boleslav<\/h3>\n            <!-- wp:paragraph -->\n<p>V pr\u016fb\u011bhu cel\u00e9ho roku 2018 jsme ve v\u00fdrobn\u00edch z\u00e1vodech \u0160kody v \u010cR nainstalovali ji\u017e 150 nab\u00edjec\u00edch stanic modelov\u00e9 \u0159ady eNext a eVolve.<\/p>\n<!-- \/wp:paragraph -->            <\/div>  \n\n            <div class=\"clearfix\"><\/div>                             \n        <\/div>\n                    \n                        <\/div>\n\n          \n                        \n                <\/div>\n         <\/div>\n   <\/div><!-- \/\/ ref - detail !-->\n\n                            \n                         \n                                                         \n                    \n                                         \n             \n    \n                     \n                     \n                           \n                           \n\n                        \n                    <li href=\"#xsnh-car-prahablock_5f32a244d1f13\" data-toggle=\"collapse\" class=\"main\">\n \n                            \n\n                                <figure style=\"background-image: url('https:\/\/elexim.net\/elektromobilita\/wp-content\/uploads\/sites\/2\/2020\/11\/NH_Car_praha.jpg');\"><\/figure>\n                                <h3>NH Car Praha<\/h3>\n                                <p>Realizace AC nab\u00edje\u010dek typu wallbox se stojanov\u00fdm um\u00edst\u011bn\u00edm.<\/p>\n                                <p class=\"cena\"><strong><\/strong><\/p>\n                    <\/li> \n                            \n                    \n<!-- ref - detail !-->\n   <div id=\"skpblock_5f32a244d1f13\" class=\"container produkt-box\">\n         <div data-aos=\"fade-up\" data-aos-delay=\"100\" data-aos-duration=\"900\" data-aos-offset=\"-50\">\n\n                <div class=\"tab-content\"> \n                            \n                    \n                         <div role=\"tabpanel\" class=\"produkt collapse text-center pad-0\" id=\"xsnh-car-prahablock_5f32a244d1f13\">          \n\n        <div class=\"flex\">\n            \n            <div class=\"col-md-5 col-xs-12 popis bg-white text-left\">\n\n            <h3>NH Car Praha<\/h3>\n            <!-- wp:paragraph -->\n<p>Realizace AC nab\u00edje\u010dek typu wallbox se stojanov\u00fdm um\u00edst\u011bn\u00edm.<\/p>\n<!-- \/wp:paragraph -->            <\/div>  \n\n            <div class=\"clearfix\"><\/div>                             \n        <\/div>\n                    \n                        <\/div>\n\n          \n                        \n                <\/div>\n         <\/div>\n   <\/div><!-- \/\/ ref - detail !-->\n\n                            \n                         \n                                                         \n                    \n                                         \n             \n    \n                     \n                     \n                           \n                           \n\n                        \n                    <li href=\"#xsauto-jarovblock_5f32a244d1f13\" data-toggle=\"collapse\" class=\"main\">\n \n                            \n\n                                <figure style=\"background-image: url('https:\/\/elexim.net\/elektromobilita\/wp-content\/uploads\/sites\/2\/2020\/11\/nahled-20-720x480.jpg');\"><\/figure>\n                                <h3>Auto Jarov<\/h3>\n                                <p>Pro Auto Jarov jsme realizovali dod\u00e1vku AC stanic typu post a DC stanice Hypercharger od spole\u010dnosti Alpitronic<\/p>\n                                <p class=\"cena\"><strong><\/strong><\/p>\n                    <\/li> \n                            \n                    \n<!-- ref - detail !-->\n   <div id=\"skpblock_5f32a244d1f13\" class=\"container produkt-box\">\n         <div data-aos=\"fade-up\" data-aos-delay=\"100\" data-aos-duration=\"900\" data-aos-offset=\"-50\">\n\n                <div class=\"tab-content\"> \n                            \n                    \n                         <div role=\"tabpanel\" class=\"produkt collapse text-center pad-0\" id=\"xsauto-jarovblock_5f32a244d1f13\">          \n\n        <div class=\"flex\">\n            \n            <div class=\"col-md-5 col-xs-12 popis bg-white text-left\">\n\n            <h3>Auto Jarov<\/h3>\n            <!-- wp:paragraph -->\n<p>Pro Auto Jarov jsme realizovali dod\u00e1vku AC stanic typu post a DC stanice Hypercharger od spole\u010dnosti Alpitronic<\/p>\n<!-- \/wp:paragraph -->            <\/div>  \n\n            <div class=\"clearfix\"><\/div>                             \n        <\/div>\n                    \n                        <\/div>\n\n          \n                        \n                <\/div>\n         <\/div>\n   <\/div><!-- \/\/ ref - detail !-->\n\n                            \n                         \n                                                         \n                    \n                                                \n                            \n            <\/div>    \n                <\/ul>\n\n\n<\/div>\n<!-- \/\/ ref - vyber !-->\n\n    \n        \n<\/div><!-- \/\/ ref - mobil !-->\n\n\n\n\n\n\n\n\n<script>\n$(\"#produkt-skupina-block_5f32a244d1f13 ul li\").click(function(){\n\n $(\"#produkt-skupina-block_5f32a244d1f13 ul li\").removeClass(\"blue-bg\");\n $(this).addClass(\"blue-bg\");\n\n});    \n<\/script>\n\n\n<div style=\"height:100px\" aria-hidden=\"true\" class=\"wp-block-spacer\"><\/div>\n\n\n\n<hr class=\"wp-block-separator\"\/>\n\n\n\n\n\n\n<!-- ref - desktop !-->\n<div class=\"full-w skp-ref hidden-sm hidden-xs\">\n<!-- ref - vyber !-->\n<div id=\"produkt-skupina-block_5f32a2dfd1f17\" class=\"vyber skp\" data-aos=\"fade-up\" data-aos-delay=\"100\" data-aos-duration=\"900\" data-aos-offset=\"-50\">\n    \n            <h2>Referen\u010dn\u00ed projekty Slovensko<\/h2>\n        \n                 \n    \n             \n                <ul class=\"nav nav-tabs\" id=\"myTab\" role=\"tablist\">\n                    \n                                                <div id=\"4460\" class=\"odporucane\">\n                                   \n                                         \n             \n    \n                     \n                     \n                           \n                            \n                           \n                            \n                    <li role=\"presentation\" href=\"#alza-bratislavablock_5f32a2dfd1f17\" aria-controls=\"alza-bratislavablock_5f32a2dfd1f17\" role=\"tab\" data-toggle=\"tab\" class=\"main\">\n \n                            \n\n                                <figure style=\"background-image: url('https:\/\/elexim.net\/elektromobilita\/wp-content\/uploads\/sites\/2\/2019\/04\/IMG_20180619_113353-720x540.jpg');\"><\/figure>\n                                <h3>ALZA Bratislava<\/h3>\n                                <p>Prvn\u00ed rychlonab\u00edjec\u00ed stanice Raption 50 byla spu\u0161t\u011bna v na\u0161em spole\u010dn\u00e9m projektu se spole\u010dnost\u00ed Alza v Bratislav\u011b. Ta s na\u0161\u00ed spole\u010dnost\u00ed buduje s\u00ed\u0165 nab\u00edjec\u00edch stanic pod zna\u010dkou Alza Power.<\/p>\n                                <p class=\"cena\"><strong><\/strong><\/p>\n                    <\/li> \n                            \n                    \n                         \n                                                         \n                    \n                                         \n             \n    \n                     \n                     \n                           \n                            \n                           \n                            \n                    <li role=\"presentation\" href=\"#sse-martinblock_5f32a2dfd1f17\" aria-controls=\"sse-martinblock_5f32a2dfd1f17\" role=\"tab\" data-toggle=\"tab\" class=\"main\">\n \n                            \n\n                                <figure style=\"background-image: url('https:\/\/elexim.net\/elektromobilita\/wp-content\/uploads\/sites\/2\/2019\/04\/IMG_20181008_104943-1-720x540.jpg');\"><\/figure>\n                                <h3>SSE Martin<\/h3>\n                                <p>Pro spole\u010dnost SSE jsme za\u010dali budovat na Slovensku s\u00ed\u0165 nab\u00edjec\u00edch stanic. V Martine u budovy m\u011bstsk\u00e9ho \u00fa\u0159adu jsme spustili stanici Post eVolve Smart s v\u00fdkonem 2x22kW.<\/p>\n                                <p class=\"cena\"><strong><\/strong><\/p>\n                    <\/li> \n                            \n                    \n                         \n                                                         \n                    \n                                         \n             \n    \n                     \n                     \n                           \n                            \n                           \n                            \n                    <li role=\"presentation\" href=\"#audi-centum-bratislavablock_5f32a2dfd1f17\" aria-controls=\"audi-centum-bratislavablock_5f32a2dfd1f17\" role=\"tab\" data-toggle=\"tab\" class=\"main\">\n \n                            \n\n                                <figure style=\"background-image: url('https:\/\/elexim.net\/elektromobilita\/wp-content\/uploads\/sites\/2\/2020\/11\/Audi_bratislava.jpg');\"><\/figure>\n                                <h3>Audi Centum Bratislava<\/h3>\n                                <p>Dal\u0161\u00ed bezchybn\u00e1 instalace tentokr\u00e1t pro dealerstv\u00ed Audi centrum v Bratislav\u011b. Dod\u00e1na byla stanice Raption 50.<\/p>\n                                <p class=\"cena\"><strong><\/strong><\/p>\n                    <\/li> \n                            \n                    \n                         \n                                                         \n                    \n                                         \n             \n    \n                     \n                     \n                           \n                            \n                           \n                            \n                    <li role=\"presentation\" href=\"#audi-po-car-presovblock_5f32a2dfd1f17\" aria-controls=\"audi-po-car-presovblock_5f32a2dfd1f17\" role=\"tab\" data-toggle=\"tab\" class=\"main\">\n \n                            \n\n                                <figure style=\"background-image: url('https:\/\/elexim.net\/elektromobilita\/wp-content\/uploads\/sites\/2\/2020\/11\/Audi_pocar_pre\u0161ov.jpg');\"><\/figure>\n                                <h3>Audi PO CAR, Pre\u0161ov<\/h3>\n                                <p>Pro dealerstv\u00ed Audi PO CAR v Pre\u0161ov\u011b jsme postavili Nab\u00edjec\u00ed stanici Raption 50<\/p>\n                                <p class=\"cena\"><strong><\/strong><\/p>\n                    <\/li> \n                            \n                    \n                         \n                                                         \n                    \n                    \n                            \n            <\/div>    \n                <\/ul>\n\n\n<\/div>\n<!-- \/\/ ref - vyber !-->\n\n<!-- ref - detail !-->\n   <div id=\"skpblock_5f32a2dfd1f17\" class=\"container produkt-box\">\n         <div data-aos=\"fade-up\" data-aos-delay=\"100\" data-aos-duration=\"900\" data-aos-offset=\"-50\">\n\n                <div class=\"tab-content\">\n                    \n                    \n                    \n                    \n                    \n                    \n                     \n                     \n                           \n                            \n                    \n                         <div role=\"tabpanel\" class=\"produkt tab-pane text-center fade pad-0\" id=\"alza-bratislavablock_5f32a2dfd1f17\">          \n\n        <div class=\"flex\">\n            \n            <div class=\"col-sm-5 col-xs-12 popis text-left\">\n\n            <h3>ALZA Bratislava<\/h3>\n            <!-- wp:paragraph -->\n<p>Prvn\u00ed rychlonab\u00edjec\u00ed stanice Raption 50 byla spu\u0161t\u011bna v na\u0161em spole\u010dn\u00e9m projektu se spole\u010dnost\u00ed Alza v Bratislav\u011b. Ta s na\u0161\u00ed spole\u010dnost\u00ed buduje s\u00ed\u0165 nab\u00edjec\u00edch stanic pod zna\u010dkou Alza Power.<\/p>\n<!-- \/wp:paragraph -->            <\/div>  \n            \n            <div class=\"col-sm-7 col-xs-12 img-2\" style=\"background-image: url('https:\/\/elexim.net\/elektromobilita\/wp-content\/uploads\/sites\/2\/2019\/04\/IMG_20180619_113353-720x540.jpg');\"><\/div>  \n\n            <div class=\"clearfix\"><\/div>                             \n        <\/div>\n                    \n                         \n                                              \n                             \n                             \n                        <\/div>\n                    \n                    \n                    \n                    \n                    \n                    \n                     \n                     \n                           \n                            \n                    \n                         <div role=\"tabpanel\" class=\"produkt tab-pane text-center fade pad-0\" id=\"sse-martinblock_5f32a2dfd1f17\">          \n\n        <div class=\"flex\">\n            \n            <div class=\"col-sm-5 col-xs-12 popis text-left\">\n\n            <h3>SSE Martin<\/h3>\n            <!-- wp:paragraph -->\n<p>Pro spole\u010dnost SSE jsme za\u010dali budovat na Slovensku s\u00ed\u0165 nab\u00edjec\u00edch stanic. V Martine u budovy m\u011bstsk\u00e9ho \u00fa\u0159adu jsme spustili stanici Post eVolve Smart s v\u00fdkonem 2x22kW.<\/p>\n<!-- \/wp:paragraph -->            <\/div>  \n            \n            <div class=\"col-sm-7 col-xs-12 img-2\" style=\"background-image: url('https:\/\/elexim.net\/elektromobilita\/wp-content\/uploads\/sites\/2\/2019\/04\/IMG_20181008_104943-1-720x540.jpg');\"><\/div>  \n\n            <div class=\"clearfix\"><\/div>                             \n        <\/div>\n                    \n                         \n                                              \n                             \n                             \n                        <\/div>\n                    \n                    \n                    \n                    \n                    \n                    \n                     \n                     \n                           \n                            \n                    \n                         <div role=\"tabpanel\" class=\"produkt tab-pane text-center fade pad-0\" id=\"audi-centum-bratislavablock_5f32a2dfd1f17\">          \n\n        <div class=\"flex\">\n            \n            <div class=\"col-sm-5 col-xs-12 popis text-left\">\n\n            <h3>Audi Centum Bratislava<\/h3>\n            <!-- wp:paragraph -->\n<p>Dal\u0161\u00ed bezchybn\u00e1 instalace tentokr\u00e1t pro dealerstv\u00ed Audi centrum v Bratislav\u011b. Dod\u00e1na byla stanice Raption 50.<\/p>\n<!-- \/wp:paragraph -->            <\/div>  \n            \n            <div class=\"col-sm-7 col-xs-12 img-2\" style=\"background-image: url('https:\/\/elexim.net\/elektromobilita\/wp-content\/uploads\/sites\/2\/2020\/11\/Audi_bratislava.jpg');\"><\/div>  \n\n            <div class=\"clearfix\"><\/div>                             \n        <\/div>\n                    \n                         \n                                              \n                             \n                             \n                        <\/div>\n                    \n                    \n                    \n                    \n                    \n                    \n                     \n                     \n                           \n                            \n                    \n                         <div role=\"tabpanel\" class=\"produkt tab-pane text-center fade pad-0\" id=\"audi-po-car-presovblock_5f32a2dfd1f17\">          \n\n        <div class=\"flex\">\n            \n            <div class=\"col-sm-5 col-xs-12 popis text-left\">\n\n            <h3>Audi PO CAR, Pre\u0161ov<\/h3>\n            <!-- wp:paragraph -->\n<p>Pro dealerstv\u00ed Audi PO CAR v Pre\u0161ov\u011b jsme postavili Nab\u00edjec\u00ed stanici Raption 50<\/p>\n<!-- \/wp:paragraph -->            <\/div>  \n            \n            <div class=\"col-sm-7 col-xs-12 img-2\" style=\"background-image: url('https:\/\/elexim.net\/elektromobilita\/wp-content\/uploads\/sites\/2\/2020\/11\/Audi_pocar_pre\u0161ov.jpg');\"><\/div>  \n\n            <div class=\"clearfix\"><\/div>                             \n        <\/div>\n                    \n                         \n                                              \n                             \n                             \n                        <\/div>\n                                        \n                    \n                    \n                    \n                           \n     \n                            \n                        \n                <\/div>\n            \n         <\/div>\n   <\/div>\n    \n<!-- \/\/ ref - detail !-->\n<\/div><!-- \/\/ ref - desktop !-->\n\n\n\n\n\n\n\n\n\n\n\n\n<!-- ref - mobil !-->\n<div class=\"full-w skp-ref visible-sm visible-xs hidden-md hidden-lg\" id=\"groupprodukt-skupina-block_5f32a2dfd1f17\">\n<!-- ref - vyber !-->\n<div id=\"xsprodukt-skupina-block_5f32a2dfd1f17\" class=\"vyber skp\" data-aos=\"fade-up\" data-aos-delay=\"100\" data-aos-duration=\"900\" data-aos-offset=\"-50\">\n    \n            <h2>Referen\u010dn\u00ed projekty Slovensko<\/h2>\n        \n                 \n    \n             \n                <ul class=\"nav nav-tabs\" id=\"myTab\" role=\"tablist\">\n                    \n                                                <div id=\"729\" class=\"odporucane\">\n                                   \n                                         \n             \n    \n                     \n                     \n                           \n                           \n\n                        \n                    <li href=\"#xsalza-bratislavablock_5f32a2dfd1f17\" data-toggle=\"collapse\" class=\"main\">\n \n                            \n\n                                <figure style=\"background-image: url('https:\/\/elexim.net\/elektromobilita\/wp-content\/uploads\/sites\/2\/2019\/04\/IMG_20180619_113353-720x540.jpg');\"><\/figure>\n                                <h3>ALZA Bratislava<\/h3>\n                                <p>Prvn\u00ed rychlonab\u00edjec\u00ed stanice Raption 50 byla spu\u0161t\u011bna v na\u0161em spole\u010dn\u00e9m projektu se spole\u010dnost\u00ed Alza v Bratislav\u011b. Ta s na\u0161\u00ed spole\u010dnost\u00ed buduje s\u00ed\u0165 nab\u00edjec\u00edch stanic pod zna\u010dkou Alza Power.<\/p>\n                                <p class=\"cena\"><strong><\/strong><\/p>\n                    <\/li> \n                            \n                    \n<!-- ref - detail !-->\n   <div id=\"skpblock_5f32a2dfd1f17\" class=\"container produkt-box\">\n         <div data-aos=\"fade-up\" data-aos-delay=\"100\" data-aos-duration=\"900\" data-aos-offset=\"-50\">\n\n                <div class=\"tab-content\"> \n                            \n                    \n                         <div role=\"tabpanel\" class=\"produkt collapse text-center pad-0\" id=\"xsalza-bratislavablock_5f32a2dfd1f17\">          \n\n        <div class=\"flex\">\n            \n            <div class=\"col-md-5 col-xs-12 popis bg-white text-left\">\n\n            <h3>ALZA Bratislava<\/h3>\n            <!-- wp:paragraph -->\n<p>Prvn\u00ed rychlonab\u00edjec\u00ed stanice Raption 50 byla spu\u0161t\u011bna v na\u0161em spole\u010dn\u00e9m projektu se spole\u010dnost\u00ed Alza v Bratislav\u011b. Ta s na\u0161\u00ed spole\u010dnost\u00ed buduje s\u00ed\u0165 nab\u00edjec\u00edch stanic pod zna\u010dkou Alza Power.<\/p>\n<!-- \/wp:paragraph -->            <\/div>  \n\n            <div class=\"clearfix\"><\/div>                             \n        <\/div>\n                    \n                        <\/div>\n\n          \n                        \n                <\/div>\n         <\/div>\n   <\/div><!-- \/\/ ref - detail !-->\n\n                            \n                         \n                                                         \n                    \n                                         \n             \n    \n                     \n                     \n                           \n                           \n\n                        \n                    <li href=\"#xssse-martinblock_5f32a2dfd1f17\" data-toggle=\"collapse\" class=\"main\">\n \n                            \n\n                                <figure style=\"background-image: url('https:\/\/elexim.net\/elektromobilita\/wp-content\/uploads\/sites\/2\/2019\/04\/IMG_20181008_104943-1-720x540.jpg');\"><\/figure>\n                                <h3>SSE Martin<\/h3>\n                                <p>Pro spole\u010dnost SSE jsme za\u010dali budovat na Slovensku s\u00ed\u0165 nab\u00edjec\u00edch stanic. V Martine u budovy m\u011bstsk\u00e9ho \u00fa\u0159adu jsme spustili stanici Post eVolve Smart s v\u00fdkonem 2x22kW.<\/p>\n                                <p class=\"cena\"><strong><\/strong><\/p>\n                    <\/li> \n                            \n                    \n<!-- ref - detail !-->\n   <div id=\"skpblock_5f32a2dfd1f17\" class=\"container produkt-box\">\n         <div data-aos=\"fade-up\" data-aos-delay=\"100\" data-aos-duration=\"900\" data-aos-offset=\"-50\">\n\n                <div class=\"tab-content\"> \n                            \n                    \n                         <div role=\"tabpanel\" class=\"produkt collapse text-center pad-0\" id=\"xssse-martinblock_5f32a2dfd1f17\">          \n\n        <div class=\"flex\">\n            \n            <div class=\"col-md-5 col-xs-12 popis bg-white text-left\">\n\n            <h3>SSE Martin<\/h3>\n            <!-- wp:paragraph -->\n<p>Pro spole\u010dnost SSE jsme za\u010dali budovat na Slovensku s\u00ed\u0165 nab\u00edjec\u00edch stanic. V Martine u budovy m\u011bstsk\u00e9ho \u00fa\u0159adu jsme spustili stanici Post eVolve Smart s v\u00fdkonem 2x22kW.<\/p>\n<!-- \/wp:paragraph -->            <\/div>  \n\n            <div class=\"clearfix\"><\/div>                             \n        <\/div>\n                    \n                        <\/div>\n\n          \n                        \n                <\/div>\n         <\/div>\n   <\/div><!-- \/\/ ref - detail !-->\n\n                            \n                         \n                                                         \n                    \n                                         \n             \n    \n                     \n                     \n                           \n                           \n\n                        \n                    <li href=\"#xsaudi-centum-bratislavablock_5f32a2dfd1f17\" data-toggle=\"collapse\" class=\"main\">\n \n                            \n\n                                <figure style=\"background-image: url('https:\/\/elexim.net\/elektromobilita\/wp-content\/uploads\/sites\/2\/2020\/11\/Audi_bratislava.jpg');\"><\/figure>\n                                <h3>Audi Centum Bratislava<\/h3>\n                                <p>Dal\u0161\u00ed bezchybn\u00e1 instalace tentokr\u00e1t pro dealerstv\u00ed Audi centrum v Bratislav\u011b. Dod\u00e1na byla stanice Raption 50.<\/p>\n                                <p class=\"cena\"><strong><\/strong><\/p>\n                    <\/li> \n                            \n                    \n<!-- ref - detail !-->\n   <div id=\"skpblock_5f32a2dfd1f17\" class=\"container produkt-box\">\n         <div data-aos=\"fade-up\" data-aos-delay=\"100\" data-aos-duration=\"900\" data-aos-offset=\"-50\">\n\n                <div class=\"tab-content\"> \n                            \n                    \n                         <div role=\"tabpanel\" class=\"produkt collapse text-center pad-0\" id=\"xsaudi-centum-bratislavablock_5f32a2dfd1f17\">          \n\n        <div class=\"flex\">\n            \n            <div class=\"col-md-5 col-xs-12 popis bg-white text-left\">\n\n            <h3>Audi Centum Bratislava<\/h3>\n            <!-- wp:paragraph -->\n<p>Dal\u0161\u00ed bezchybn\u00e1 instalace tentokr\u00e1t pro dealerstv\u00ed Audi centrum v Bratislav\u011b. Dod\u00e1na byla stanice Raption 50.<\/p>\n<!-- \/wp:paragraph -->            <\/div>  \n\n            <div class=\"clearfix\"><\/div>                             \n        <\/div>\n                    \n                        <\/div>\n\n          \n                        \n                <\/div>\n         <\/div>\n   <\/div><!-- \/\/ ref - detail !-->\n\n                            \n                         \n                                                         \n                    \n                                         \n             \n    \n                     \n                     \n                           \n                           \n\n                        \n                    <li href=\"#xsaudi-po-car-presovblock_5f32a2dfd1f17\" data-toggle=\"collapse\" class=\"main\">\n \n                            \n\n                                <figure style=\"background-image: url('https:\/\/elexim.net\/elektromobilita\/wp-content\/uploads\/sites\/2\/2020\/11\/Audi_pocar_pre\u0161ov.jpg');\"><\/figure>\n                                <h3>Audi PO CAR, Pre\u0161ov<\/h3>\n                                <p>Pro dealerstv\u00ed Audi PO CAR v Pre\u0161ov\u011b jsme postavili Nab\u00edjec\u00ed stanici Raption 50<\/p>\n                                <p class=\"cena\"><strong><\/strong><\/p>\n                    <\/li> \n                            \n                    \n<!-- ref - detail !-->\n   <div id=\"skpblock_5f32a2dfd1f17\" class=\"container produkt-box\">\n         <div data-aos=\"fade-up\" data-aos-delay=\"100\" data-aos-duration=\"900\" data-aos-offset=\"-50\">\n\n                <div class=\"tab-content\"> \n                            \n                    \n                         <div role=\"tabpanel\" class=\"produkt collapse text-center pad-0\" id=\"xsaudi-po-car-presovblock_5f32a2dfd1f17\">          \n\n        <div class=\"flex\">\n            \n            <div class=\"col-md-5 col-xs-12 popis bg-white text-left\">\n\n            <h3>Audi PO CAR, Pre\u0161ov<\/h3>\n            <!-- wp:paragraph -->\n<p>Pro dealerstv\u00ed Audi PO CAR v Pre\u0161ov\u011b jsme postavili Nab\u00edjec\u00ed stanici Raption 50<\/p>\n<!-- \/wp:paragraph -->            <\/div>  \n\n            <div class=\"clearfix\"><\/div>                             \n        <\/div>\n                    \n                        <\/div>\n\n          \n                        \n                <\/div>\n         <\/div>\n   <\/div><!-- \/\/ ref - detail !-->\n\n                            \n                         \n                                                         \n                    \n                                                \n                            \n            <\/div>    \n                <\/ul>\n\n\n<\/div>\n<!-- \/\/ ref - vyber !-->\n\n    \n        \n<\/div><!-- \/\/ ref - mobil !-->\n\n\n\n\n\n\n\n\n<script>\n$(\"#produkt-skupina-block_5f32a2dfd1f17 ul li\").click(function(){\n\n $(\"#produkt-skupina-block_5f32a2dfd1f17 ul li\").removeClass(\"blue-bg\");\n $(this).addClass(\"blue-bg\");\n\n});    \n<\/script>\n\n\n<div style=\"height:100px\" aria-hidden=\"true\" class=\"wp-block-spacer\"><\/div>\n\n\n\n<hr class=\"wp-block-separator\"\/>\n\n\n<div class=\"loga\">\n<div class=\"row\">\n    <div class=\"col-lg-12\">\n        <h2 id=\"mce_19\" class=\"editor-rich-text__tinymce mce-content-body\" role=\"textbox\" aria-label=\"Napi\u0161te nadpis\" data-is-placeholder-visible=\"false\">Na\u0161i klienti<\/h2>\n    <\/div>\n<\/div>\n\n  \n\n<div class=\"row sl\">\n    <div class=\"logasl owl-carousel owl-theme\">\n   \n        <div class=\"item\">\n            <img src=\"https:\/\/elexim.net\/elektromobilita\/wp-content\/uploads\/sites\/2\/2020\/02\/Autopolis.png\" alt=\"\">\n                    <\/div>\n        \n   \n        <div class=\"item\">\n            <img src=\"https:\/\/elexim.net\/elektromobilita\/wp-content\/uploads\/sites\/2\/2020\/02\/PSA-groupe.png\" alt=\"\">\n                    <\/div>\n        \n   \n        <div class=\"item\">\n            <img src=\"https:\/\/elexim.net\/elektromobilita\/wp-content\/uploads\/sites\/2\/2020\/02\/authentica.png\" alt=\"\">\n                    <\/div>\n        \n   \n        <div class=\"item\">\n            <img src=\"https:\/\/elexim.net\/elektromobilita\/wp-content\/uploads\/sites\/2\/2020\/02\/S\u030ckoda-auto.png\" alt=\"\">\n                    <\/div>\n        \n   \n        <div class=\"item\">\n            <img src=\"https:\/\/elexim.net\/elektromobilita\/wp-content\/uploads\/sites\/2\/2020\/02\/Audi.png\" alt=\"\">\n                    <\/div>\n        \n   \n        <div class=\"item\">\n            <img src=\"https:\/\/elexim.net\/elektromobilita\/wp-content\/uploads\/sites\/2\/2020\/02\/Holiday-Inn.png\" alt=\"\">\n                    <\/div>\n        \n   \n        <div class=\"item\">\n            <img src=\"https:\/\/elexim.net\/elektromobilita\/wp-content\/uploads\/sites\/2\/2020\/02\/Karli\u0301n-hudebni\u0301-divadlo.png\" alt=\"\">\n                    <\/div>\n        \n   \n        <div class=\"item\">\n            <img src=\"https:\/\/elexim.net\/elektromobilita\/wp-content\/uploads\/sites\/2\/2020\/02\/Crowne-Plaza.png\" alt=\"\">\n                    <\/div>\n        \n   \n        <div class=\"item\">\n            <img src=\"https:\/\/elexim.net\/elektromobilita\/wp-content\/uploads\/sites\/2\/2020\/02\/Slovnaft.png\" alt=\"\">\n                    <\/div>\n        \n   \n        <div class=\"item\">\n            <img src=\"https:\/\/elexim.net\/elektromobilita\/wp-content\/uploads\/sites\/2\/2020\/02\/Alza-CZ.png\" alt=\"\">\n                    <\/div>\n        \n   \n        <div class=\"item\">\n            <img src=\"https:\/\/elexim.net\/elektromobilita\/wp-content\/uploads\/sites\/2\/2020\/02\/Stredosloveska\u0301-energetika.png\" alt=\"\">\n                    <\/div>\n        \n   \n        <div class=\"item\">\n            <img src=\"https:\/\/elexim.net\/elektromobilita\/wp-content\/uploads\/sites\/2\/2020\/02\/Slovenske\u0301-elektra\u0301rne.png\" alt=\"\">\n                    <\/div>\n        \n   \n        <div class=\"item\">\n            <img src=\"https:\/\/elexim.net\/elektromobilita\/wp-content\/uploads\/sites\/2\/2020\/02\/S\u030ckoenergo.png\" alt=\"\">\n                    <\/div>\n        \n   \n        <div class=\"item\">\n            <img src=\"https:\/\/elexim.net\/elektromobilita\/wp-content\/uploads\/sites\/2\/2020\/02\/Mototechna.png\" alt=\"\">\n                    <\/div>\n        \n   \n        <div class=\"item\">\n            <img src=\"https:\/\/elexim.net\/elektromobilita\/wp-content\/uploads\/sites\/2\/2020\/05\/ARS_altmann.png\" alt=\"\">\n                    <\/div>\n        \n   \n        <div class=\"item\">\n            <img src=\"https:\/\/elexim.net\/elektromobilita\/wp-content\/uploads\/sites\/2\/2020\/11\/EON_Logo_B.jpg\" alt=\"\">\n                    <\/div>\n        \n   \n        <div class=\"item\">\n            <img src=\"https:\/\/elexim.net\/elektromobilita\/wp-content\/uploads\/sites\/2\/2020\/05\/ts-zlin.png\" alt=\"\">\n                    <\/div>\n        \n   \n        <div class=\"item\">\n            <img src=\"https:\/\/elexim.net\/elektromobilita\/wp-content\/uploads\/sites\/2\/2020\/05\/stratos-auto-kopie.png\" alt=\"\">\n                    <\/div>\n        \n   \n        <div class=\"item\">\n            <img src=\"https:\/\/elexim.net\/elektromobilita\/wp-content\/uploads\/sites\/2\/2020\/05\/s-power-logo-horizontal.png\" alt=\"\">\n                    <\/div>\n        \n   \n        <div class=\"item\">\n            <img src=\"https:\/\/elexim.net\/elektromobilita\/wp-content\/uploads\/sites\/2\/2020\/05\/artin-logo.png\" alt=\"\">\n                    <\/div>\n        \n   \n        <div class=\"item\">\n            <img src=\"https:\/\/elexim.net\/elektromobilita\/wp-content\/uploads\/sites\/2\/2021\/03\/Logo-V.png\" alt=\"\">\n                    <\/div>\n        \n   \n        <div class=\"item\">\n            <img src=\"https:\/\/elexim.net\/elektromobilita\/wp-content\/uploads\/sites\/2\/2021\/12\/vitesco-900x600px_denik-630-16x9-1.jpg\" alt=\"\">\n                    <\/div>\n        \n   \n        <div class=\"item\">\n            <img src=\"https:\/\/elexim.net\/elektromobilita\/wp-content\/uploads\/sites\/2\/2021\/12\/skupinacez_227x186_cztransp.png\" alt=\"\">\n                    <\/div>\n        \n   \n        <div class=\"item\">\n            <img src=\"https:\/\/elexim.net\/elektromobilita\/wp-content\/uploads\/sites\/2\/2021\/12\/elkov.png\" alt=\"\">\n                    <\/div>\n        \n   \n        <div class=\"item\">\n            <img src=\"https:\/\/elexim.net\/elektromobilita\/wp-content\/uploads\/sites\/2\/2021\/12\/unicorn.jpg\" alt=\"\">\n                    <\/div>\n        \n             \n        \n    <\/div> \n    \n<div class=\"owl-controls\">\n    <div id=\"sipky-loga\" class=\"owl-nav\"><\/div>\n<\/div>   \n    \n<\/div>\n<\/div>\n \n    \n\n\n\n\n<p><\/p>\n","protected":false},"excerpt":{"rendered":"","protected":false},"author":1,"featured_media":0,"parent":0,"menu_order":0,"comment_status":"closed","ping_status":"closed","template":"reference.php","meta":[],"yoast_head":"<!-- This site is optimized with the Yoast SEO plugin v16.2 - https:\/\/yoast.com\/wordpress\/plugins\/seo\/ -->\n<meta name=\"robots\" content=\"index, follow, max-snippet:-1, max-image-preview:large, max-video-preview:-1\" \/>\n<link rel=\"canonical\" href=\"https:\/\/elexim.net\/elektromobilita\/reference\/\" \/>\n<meta property=\"og:locale\" content=\"cs_CZ\" \/>\n<meta property=\"og:type\" content=\"article\" \/>\n<meta property=\"og:title\" content=\"Reference - ELEXIM - Elektromobilita\" \/>\n<meta property=\"og:url\" content=\"https:\/\/elexim.net\/elektromobilita\/reference\/\" \/>\n<meta property=\"og:site_name\" content=\"ELEXIM - Elektromobilita\" \/>\n<meta property=\"article:publisher\" content=\"https:\/\/www.facebook.com\/eleximemobilita\/\" \/>\n<meta property=\"article:modified_time\" content=\"2022-11-16T15:12:40+00:00\" \/>\n<meta name=\"twitter:card\" content=\"summary_large_image\" \/>\n<meta name=\"twitter:label1\" content=\"Odhadovan\u00e1 doba \u010dten\u00ed\">\n\t<meta name=\"twitter:data1\" content=\"1 minuta\">\n<script type=\"application\/ld+json\" class=\"yoast-schema-graph\">{\"@context\":\"https:\/\/schema.org\",\"@graph\":[{\"@type\":\"WebSite\",\"@id\":\"https:\/\/elexim.net\/elektromobilita\/#website\",\"url\":\"https:\/\/elexim.net\/elektromobilita\/\",\"name\":\"ELEXIM - Elektromobilita\",\"description\":\"Nab\\u00edz\\u00edme kompletn\\u00ed sortiment a \\u0159e\\u0161en\\u00ed v\\u00fdrobc\\u016f CIRCONTROL a APLITRONIC \\u2013 co\\u017e jsou nab\\u00edjec\\u00ed stanice, kter\\u00e9 dok\\u00e1zaly svou stabilitu, vysokou kvalitu materi\\u00e1l\\u016f a proveden\\u00ed. D\\u00edky tomu jsou spolehliv\\u00e9 pro jak\\u00fdkoliv provoz.\",\"potentialAction\":[{\"@type\":\"SearchAction\",\"target\":\"https:\/\/elexim.net\/elektromobilita\/?s={search_term_string}\",\"query-input\":\"required name=search_term_string\"}],\"inLanguage\":\"cs\"},{\"@type\":\"WebPage\",\"@id\":\"https:\/\/elexim.net\/elektromobilita\/reference\/#webpage\",\"url\":\"https:\/\/elexim.net\/elektromobilita\/reference\/\",\"name\":\"Reference - ELEXIM - Elektromobilita\",\"isPartOf\":{\"@id\":\"https:\/\/elexim.net\/elektromobilita\/#website\"},\"datePublished\":\"2019-04-02T14:50:58+00:00\",\"dateModified\":\"2022-11-16T15:12:40+00:00\",\"breadcrumb\":{\"@id\":\"https:\/\/elexim.net\/elektromobilita\/reference\/#breadcrumb\"},\"inLanguage\":\"cs\",\"potentialAction\":[{\"@type\":\"ReadAction\",\"target\":[\"https:\/\/elexim.net\/elektromobilita\/reference\/\"]}]},{\"@type\":\"BreadcrumbList\",\"@id\":\"https:\/\/elexim.net\/elektromobilita\/reference\/#breadcrumb\",\"itemListElement\":[{\"@type\":\"ListItem\",\"position\":1,\"item\":{\"@type\":\"WebPage\",\"@id\":\"https:\/\/elexim.net\/elektromobilita\/\",\"url\":\"https:\/\/elexim.net\/elektromobilita\/\",\"name\":\"Dom\\u016f\"}},{\"@type\":\"ListItem\",\"position\":2,\"item\":{\"@id\":\"https:\/\/elexim.net\/elektromobilita\/reference\/#webpage\"}}]}]}<\/script>\n<!-- \/ Yoast SEO plugin. -->","guten_post_layout_featured_media_urls":{"full":false,"thumbnail":false,"medium":false,"medium_large":false,"large":false,"1536x1536":false,"2048x2048":false,"thumb":false,"produkt":false,"header":false,"guten_post_layout_landscape_large":false,"guten_post_layout_portrait_large":false,"guten_post_layout_square_large":false,"guten_post_layout_landscape":false,"guten_post_layout_portrait":false,"guten_post_layout_square":false},"_links":{"self":[{"href":"https:\/\/elexim.net\/elektromobilita\/wp-json\/wp\/v2\/pages\/336"}],"collection":[{"href":"https:\/\/elexim.net\/elektromobilita\/wp-json\/wp\/v2\/pages"}],"about":[{"href":"https:\/\/elexim.net\/elektromobilita\/wp-json\/wp\/v2\/types\/page"}],"author":[{"embeddable":true,"href":"https:\/\/elexim.net\/elektromobilita\/wp-json\/wp\/v2\/users\/1"}],"replies":[{"embeddable":true,"href":"https:\/\/elexim.net\/elektromobilita\/wp-json\/wp\/v2\/comments?post=336"}],"version-history":[{"count":155,"href":"https:\/\/elexim.net\/elektromobilita\/wp-json\/wp\/v2\/pages\/336\/revisions"}],"predecessor-version":[{"id":4308,"href":"https:\/\/elexim.net\/elektromobilita\/wp-json\/wp\/v2\/pages\/336\/revisions\/4308"}],"wp:attachment":[{"href":"https:\/\/elexim.net\/elektromobilita\/wp-json\/wp\/v2\/media?parent=336"}],"curies":[{"name":"wp","href":"https:\/\/api.w.org\/{rel}","templated":true}]}}