{"id":3039,"date":"2020-07-11T17:15:14","date_gmt":"2020-07-11T15:15:14","guid":{"rendered":"https:\/\/elexim.net\/elektromobilita\/?post_type=referencie&#038;p=3039"},"modified":"2020-09-24T13:21:38","modified_gmt":"2020-09-24T11:21:38","slug":"sko-energo-mlada-boleslav","status":"publish","type":"referencie","link":"https:\/\/elexim.net\/elektromobilita\/referencie\/sko-energo-mlada-boleslav\/","title":{"rendered":"\u0160KO-ENERGO MLAD\u00c1 BOLESLAV"},"content":{"rendered":"\n<p>Spolu se spole\u010dnosti \u0160ko-energo jsme spustili rychlonab\u00edjec\u00ed stanici Raption 50 u leti\u0161t\u011b v Mlad\u00e9 Boleslavi.<\/p>\n","protected":false},"excerpt":{"rendered":"<p>Spolu se spole\u010dnosti \u0160ko-energo jsme spustili rychlonab\u00edjec\u00ed stanici Raption 50 u leti\u0161t\u011b v Mlad\u00e9 Boleslavi.<\/p>\n","protected":false},"featured_media":359,"template":"","format":"standard","post_formats":[],"yoast_head":"<!-- This site is optimized with the Yoast SEO plugin v16.2 - https:\/\/yoast.com\/wordpress\/plugins\/seo\/ -->\n<meta name=\"robots\" content=\"index, follow, max-snippet:-1, max-image-preview:large, max-video-preview:-1\" \/>\n<link rel=\"canonical\" href=\"https:\/\/elexim.net\/elektromobilita\/referencie\/sko-energo-mlada-boleslav\/\" \/>\n<meta property=\"og:locale\" content=\"cs_CZ\" \/>\n<meta property=\"og:type\" content=\"article\" \/>\n<meta property=\"og:title\" content=\"\u0160KO-ENERGO MLAD\u00c1 BOLESLAV - ELEXIM - Elektromobilita\" \/>\n<meta property=\"og:description\" content=\"Spolu se spole\u010dnosti \u0160ko-energo jsme spustili rychlonab\u00edjec\u00ed stanici Raption 50 u leti\u0161t\u011b v Mlad\u00e9 Boleslavi.\" \/>\n<meta property=\"og:url\" content=\"https:\/\/elexim.net\/elektromobilita\/referencie\/sko-energo-mlada-boleslav\/\" \/>\n<meta property=\"og:site_name\" content=\"ELEXIM - Elektromobilita\" \/>\n<meta property=\"article:publisher\" content=\"https:\/\/www.facebook.com\/eleximemobilita\/\" \/>\n<meta property=\"article:modified_time\" content=\"2020-09-24T11:21:38+00:00\" \/>\n<meta property=\"og:image\" content=\"https:\/\/elexim.net\/elektromobilita\/wp-content\/uploads\/sites\/2\/2019\/04\/pml7743-768x498-1.jpg\" \/>\n\t<meta property=\"og:image:width\" content=\"768\" \/>\n\t<meta property=\"og:image:height\" content=\"498\" \/>\n<meta name=\"twitter:card\" content=\"summary_large_image\" \/>\n<script type=\"application\/ld+json\" class=\"yoast-schema-graph\">{\"@context\":\"https:\/\/schema.org\",\"@graph\":[{\"@type\":\"WebSite\",\"@id\":\"https:\/\/elexim.net\/elektromobilita\/#website\",\"url\":\"https:\/\/elexim.net\/elektromobilita\/\",\"name\":\"ELEXIM - Elektromobilita\",\"description\":\"Nab\\u00edz\\u00edme kompletn\\u00ed sortiment a \\u0159e\\u0161en\\u00ed v\\u00fdrobc\\u016f CIRCONTROL a APLITRONIC \\u2013 co\\u017e jsou nab\\u00edjec\\u00ed stanice, kter\\u00e9 dok\\u00e1zaly svou stabilitu, vysokou kvalitu materi\\u00e1l\\u016f a proveden\\u00ed. D\\u00edky tomu jsou spolehliv\\u00e9 pro jak\\u00fdkoliv provoz.\",\"potentialAction\":[{\"@type\":\"SearchAction\",\"target\":\"https:\/\/elexim.net\/elektromobilita\/?s={search_term_string}\",\"query-input\":\"required name=search_term_string\"}],\"inLanguage\":\"cs\"},{\"@type\":\"ImageObject\",\"@id\":\"https:\/\/elexim.net\/elektromobilita\/referencie\/sko-energo-mlada-boleslav\/#primaryimage\",\"inLanguage\":\"cs\",\"url\":\"https:\/\/elexim.net\/elektromobilita\/wp-content\/uploads\/sites\/2\/2019\/04\/pml7743-768x498-1.jpg\",\"contentUrl\":\"https:\/\/elexim.net\/elektromobilita\/wp-content\/uploads\/sites\/2\/2019\/04\/pml7743-768x498-1.jpg\",\"width\":768,\"height\":498,\"caption\":\"Image fotografie nab\\u00edjec\\u00ed stanice \\u0160koenergo p\\u0159ed leteck\\u00fdm muzeem Metod\\u011bje Vlacha v Mlad\\u00e9 Boleslavi.\"},{\"@type\":\"WebPage\",\"@id\":\"https:\/\/elexim.net\/elektromobilita\/referencie\/sko-energo-mlada-boleslav\/#webpage\",\"url\":\"https:\/\/elexim.net\/elektromobilita\/referencie\/sko-energo-mlada-boleslav\/\",\"name\":\"\\u0160KO-ENERGO MLAD\\u00c1 BOLESLAV - ELEXIM - Elektromobilita\",\"isPartOf\":{\"@id\":\"https:\/\/elexim.net\/elektromobilita\/#website\"},\"primaryImageOfPage\":{\"@id\":\"https:\/\/elexim.net\/elektromobilita\/referencie\/sko-energo-mlada-boleslav\/#primaryimage\"},\"datePublished\":\"2020-07-11T15:15:14+00:00\",\"dateModified\":\"2020-09-24T11:21:38+00:00\",\"breadcrumb\":{\"@id\":\"https:\/\/elexim.net\/elektromobilita\/referencie\/sko-energo-mlada-boleslav\/#breadcrumb\"},\"inLanguage\":\"cs\",\"potentialAction\":[{\"@type\":\"ReadAction\",\"target\":[\"https:\/\/elexim.net\/elektromobilita\/referencie\/sko-energo-mlada-boleslav\/\"]}]},{\"@type\":\"BreadcrumbList\",\"@id\":\"https:\/\/elexim.net\/elektromobilita\/referencie\/sko-energo-mlada-boleslav\/#breadcrumb\",\"itemListElement\":[{\"@type\":\"ListItem\",\"position\":1,\"item\":{\"@type\":\"WebPage\",\"@id\":\"https:\/\/elexim.net\/elektromobilita\/\",\"url\":\"https:\/\/elexim.net\/elektromobilita\/\",\"name\":\"Dom\\u016f\"}},{\"@type\":\"ListItem\",\"position\":2,\"item\":{\"@id\":\"https:\/\/elexim.net\/elektromobilita\/referencie\/sko-energo-mlada-boleslav\/#webpage\"}}]}]}<\/script>\n<!-- \/ Yoast SEO plugin. -->","guten_post_layout_featured_media_urls":{"full":["https:\/\/elexim.net\/elektromobilita\/wp-content\/uploads\/sites\/2\/2019\/04\/pml7743-768x498-1.jpg",768,498,false],"thumbnail":["https:\/\/elexim.net\/elektromobilita\/wp-content\/uploads\/sites\/2\/2019\/04\/pml7743-768x498-1-500x300.jpg",500,300,true],"medium":["https:\/\/elexim.net\/elektromobilita\/wp-content\/uploads\/sites\/2\/2019\/04\/pml7743-768x498-1-300x195.jpg",300,195,true],"medium_large":["https:\/\/elexim.net\/elektromobilita\/wp-content\/uploads\/sites\/2\/2019\/04\/pml7743-768x498-1-768x498.jpg",768,498,true],"large":["https:\/\/elexim.net\/elektromobilita\/wp-content\/uploads\/sites\/2\/2019\/04\/pml7743-768x498-1.jpg",768,498,false],"1536x1536":["https:\/\/elexim.net\/elektromobilita\/wp-content\/uploads\/sites\/2\/2019\/04\/pml7743-768x498-1.jpg",768,498,false],"2048x2048":["https:\/\/elexim.net\/elektromobilita\/wp-content\/uploads\/sites\/2\/2019\/04\/pml7743-768x498-1.jpg",768,498,false],"thumb":["https:\/\/elexim.net\/elektromobilita\/wp-content\/uploads\/sites\/2\/2019\/04\/pml7743-768x498-1-150x150.jpg",150,150,true],"produkt":["https:\/\/elexim.net\/elektromobilita\/wp-content\/uploads\/sites\/2\/2019\/04\/pml7743-768x498-1-720x467.jpg",720,467,true],"header":["https:\/\/elexim.net\/elektromobilita\/wp-content\/uploads\/sites\/2\/2019\/04\/pml7743-768x498-1.jpg",768,498,false],"guten_post_layout_landscape_large":["https:\/\/elexim.net\/elektromobilita\/wp-content\/uploads\/sites\/2\/2019\/04\/pml7743-768x498-1.jpg",768,498,false],"guten_post_layout_portrait_large":["https:\/\/elexim.net\/elektromobilita\/wp-content\/uploads\/sites\/2\/2019\/04\/pml7743-768x498-1.jpg",768,498,false],"guten_post_layout_square_large":["https:\/\/elexim.net\/elektromobilita\/wp-content\/uploads\/sites\/2\/2019\/04\/pml7743-768x498-1.jpg",768,498,false],"guten_post_layout_landscape":["https:\/\/elexim.net\/elektromobilita\/wp-content\/uploads\/sites\/2\/2019\/04\/pml7743-768x498-1.jpg",600,389,false],"guten_post_layout_portrait":["https:\/\/elexim.net\/elektromobilita\/wp-content\/uploads\/sites\/2\/2019\/04\/pml7743-768x498-1.jpg",600,389,false],"guten_post_layout_square":["https:\/\/elexim.net\/elektromobilita\/wp-content\/uploads\/sites\/2\/2019\/04\/pml7743-768x498-1.jpg",600,389,false]},"_links":{"self":[{"href":"https:\/\/elexim.net\/elektromobilita\/wp-json\/wp\/v2\/referencie\/3039"}],"collection":[{"href":"https:\/\/elexim.net\/elektromobilita\/wp-json\/wp\/v2\/referencie"}],"about":[{"href":"https:\/\/elexim.net\/elektromobilita\/wp-json\/wp\/v2\/types\/referencie"}],"wp:featuredmedia":[{"embeddable":true,"href":"https:\/\/elexim.net\/elektromobilita\/wp-json\/wp\/v2\/media\/359"}],"wp:attachment":[{"href":"https:\/\/elexim.net\/elektromobilita\/wp-json\/wp\/v2\/media?parent=3039"}],"wp:term":[{"taxonomy":"post_format","embeddable":true,"href":"https:\/\/elexim.net\/elektromobilita\/wp-json\/wp\/v2\/post_formats?post=3039"}],"curies":[{"name":"wp","href":"https:\/\/api.w.org\/{rel}","templated":true}]}}