{"id":3415,"date":"2020-11-24T16:58:52","date_gmt":"2020-11-24T15:58:52","guid":{"rendered":"https:\/\/elexim.net\/elektromobilita\/?post_type=referencie&#038;p=3415"},"modified":"2020-11-24T17:01:28","modified_gmt":"2020-11-24T16:01:28","slug":"audi-centum-bratislava","status":"publish","type":"referencie","link":"https:\/\/elexim.net\/elektromobilita\/referencie\/audi-centum-bratislava\/","title":{"rendered":"Audi Centum Bratislava"},"content":{"rendered":"\n<p>Dal\u0161\u00ed bezchybn\u00e1 instalace tentokr\u00e1t pro dealerstv\u00ed Audi centrum v Bratislav\u011b. Dod\u00e1na byla stanice Raption 50.<\/p>\n","protected":false},"excerpt":{"rendered":"<p>Dal\u0161\u00ed bezchybn\u00e1 instalace tentokr\u00e1t pro dealerstv\u00ed Audi centrum v Bratislav\u011b. Dod\u00e1na byla stanice Raption 50.<\/p>\n","protected":false},"featured_media":3417,"template":"","format":"standard","post_formats":[],"yoast_head":"<!-- This site is optimized with the Yoast SEO plugin v16.2 - https:\/\/yoast.com\/wordpress\/plugins\/seo\/ -->\n<meta name=\"robots\" content=\"index, follow, max-snippet:-1, max-image-preview:large, max-video-preview:-1\" \/>\n<link rel=\"canonical\" href=\"https:\/\/elexim.net\/elektromobilita\/referencie\/audi-centum-bratislava\/\" \/>\n<meta property=\"og:locale\" content=\"cs_CZ\" \/>\n<meta property=\"og:type\" content=\"article\" \/>\n<meta property=\"og:title\" content=\"Audi Centum Bratislava - ELEXIM - Elektromobilita\" \/>\n<meta property=\"og:description\" content=\"Dal\u0161\u00ed bezchybn\u00e1 instalace tentokr\u00e1t pro dealerstv\u00ed Audi centrum v Bratislav\u011b. Dod\u00e1na byla stanice Raption 50.\" \/>\n<meta property=\"og:url\" content=\"https:\/\/elexim.net\/elektromobilita\/referencie\/audi-centum-bratislava\/\" \/>\n<meta property=\"og:site_name\" content=\"ELEXIM - Elektromobilita\" \/>\n<meta property=\"article:publisher\" content=\"https:\/\/www.facebook.com\/eleximemobilita\/\" \/>\n<meta property=\"article:modified_time\" content=\"2020-11-24T16:01:28+00:00\" \/>\n<meta property=\"og:image\" content=\"https:\/\/elexim.net\/elektromobilita\/wp-content\/uploads\/sites\/2\/2020\/11\/Audi_bratislava.jpg\" \/>\n\t<meta property=\"og:image:width\" content=\"620\" \/>\n\t<meta property=\"og:image:height\" content=\"502\" \/>\n<meta name=\"twitter:card\" content=\"summary_large_image\" \/>\n<script type=\"application\/ld+json\" class=\"yoast-schema-graph\">{\"@context\":\"https:\/\/schema.org\",\"@graph\":[{\"@type\":\"WebSite\",\"@id\":\"https:\/\/elexim.net\/elektromobilita\/#website\",\"url\":\"https:\/\/elexim.net\/elektromobilita\/\",\"name\":\"ELEXIM - Elektromobilita\",\"description\":\"Nab\\u00edz\\u00edme kompletn\\u00ed sortiment a \\u0159e\\u0161en\\u00ed v\\u00fdrobc\\u016f CIRCONTROL a APLITRONIC \\u2013 co\\u017e jsou nab\\u00edjec\\u00ed stanice, kter\\u00e9 dok\\u00e1zaly svou stabilitu, vysokou kvalitu materi\\u00e1l\\u016f a proveden\\u00ed. D\\u00edky tomu jsou spolehliv\\u00e9 pro jak\\u00fdkoliv provoz.\",\"potentialAction\":[{\"@type\":\"SearchAction\",\"target\":\"https:\/\/elexim.net\/elektromobilita\/?s={search_term_string}\",\"query-input\":\"required name=search_term_string\"}],\"inLanguage\":\"cs\"},{\"@type\":\"ImageObject\",\"@id\":\"https:\/\/elexim.net\/elektromobilita\/referencie\/audi-centum-bratislava\/#primaryimage\",\"inLanguage\":\"cs\",\"url\":\"https:\/\/elexim.net\/elektromobilita\/wp-content\/uploads\/sites\/2\/2020\/11\/Audi_bratislava.jpg\",\"contentUrl\":\"https:\/\/elexim.net\/elektromobilita\/wp-content\/uploads\/sites\/2\/2020\/11\/Audi_bratislava.jpg\",\"width\":620,\"height\":502},{\"@type\":\"WebPage\",\"@id\":\"https:\/\/elexim.net\/elektromobilita\/referencie\/audi-centum-bratislava\/#webpage\",\"url\":\"https:\/\/elexim.net\/elektromobilita\/referencie\/audi-centum-bratislava\/\",\"name\":\"Audi Centum Bratislava - ELEXIM - Elektromobilita\",\"isPartOf\":{\"@id\":\"https:\/\/elexim.net\/elektromobilita\/#website\"},\"primaryImageOfPage\":{\"@id\":\"https:\/\/elexim.net\/elektromobilita\/referencie\/audi-centum-bratislava\/#primaryimage\"},\"datePublished\":\"2020-11-24T15:58:52+00:00\",\"dateModified\":\"2020-11-24T16:01:28+00:00\",\"breadcrumb\":{\"@id\":\"https:\/\/elexim.net\/elektromobilita\/referencie\/audi-centum-bratislava\/#breadcrumb\"},\"inLanguage\":\"cs\",\"potentialAction\":[{\"@type\":\"ReadAction\",\"target\":[\"https:\/\/elexim.net\/elektromobilita\/referencie\/audi-centum-bratislava\/\"]}]},{\"@type\":\"BreadcrumbList\",\"@id\":\"https:\/\/elexim.net\/elektromobilita\/referencie\/audi-centum-bratislava\/#breadcrumb\",\"itemListElement\":[{\"@type\":\"ListItem\",\"position\":1,\"item\":{\"@type\":\"WebPage\",\"@id\":\"https:\/\/elexim.net\/elektromobilita\/\",\"url\":\"https:\/\/elexim.net\/elektromobilita\/\",\"name\":\"Dom\\u016f\"}},{\"@type\":\"ListItem\",\"position\":2,\"item\":{\"@id\":\"https:\/\/elexim.net\/elektromobilita\/referencie\/audi-centum-bratislava\/#webpage\"}}]}]}<\/script>\n<!-- \/ Yoast SEO plugin. -->","guten_post_layout_featured_media_urls":{"full":["https:\/\/elexim.net\/elektromobilita\/wp-content\/uploads\/sites\/2\/2020\/11\/Audi_bratislava.jpg",620,502,false],"thumbnail":["https:\/\/elexim.net\/elektromobilita\/wp-content\/uploads\/sites\/2\/2020\/11\/Audi_bratislava-500x300.jpg",500,300,true],"medium":["https:\/\/elexim.net\/elektromobilita\/wp-content\/uploads\/sites\/2\/2020\/11\/Audi_bratislava-300x243.jpg",300,243,true],"medium_large":["https:\/\/elexim.net\/elektromobilita\/wp-content\/uploads\/sites\/2\/2020\/11\/Audi_bratislava.jpg",620,502,false],"large":["https:\/\/elexim.net\/elektromobilita\/wp-content\/uploads\/sites\/2\/2020\/11\/Audi_bratislava.jpg",620,502,false],"1536x1536":["https:\/\/elexim.net\/elektromobilita\/wp-content\/uploads\/sites\/2\/2020\/11\/Audi_bratislava.jpg",620,502,false],"2048x2048":["https:\/\/elexim.net\/elektromobilita\/wp-content\/uploads\/sites\/2\/2020\/11\/Audi_bratislava.jpg",620,502,false],"thumb":["https:\/\/elexim.net\/elektromobilita\/wp-content\/uploads\/sites\/2\/2020\/11\/Audi_bratislava-150x150.jpg",150,150,true],"produkt":["https:\/\/elexim.net\/elektromobilita\/wp-content\/uploads\/sites\/2\/2020\/11\/Audi_bratislava.jpg",620,502,false],"header":["https:\/\/elexim.net\/elektromobilita\/wp-content\/uploads\/sites\/2\/2020\/11\/Audi_bratislava.jpg",620,502,false],"guten_post_layout_landscape_large":["https:\/\/elexim.net\/elektromobilita\/wp-content\/uploads\/sites\/2\/2020\/11\/Audi_bratislava.jpg",620,502,false],"guten_post_layout_portrait_large":["https:\/\/elexim.net\/elektromobilita\/wp-content\/uploads\/sites\/2\/2020\/11\/Audi_bratislava.jpg",620,502,false],"guten_post_layout_square_large":["https:\/\/elexim.net\/elektromobilita\/wp-content\/uploads\/sites\/2\/2020\/11\/Audi_bratislava.jpg",620,502,false],"guten_post_layout_landscape":["https:\/\/elexim.net\/elektromobilita\/wp-content\/uploads\/sites\/2\/2020\/11\/Audi_bratislava-600x400.jpg",600,400,true],"guten_post_layout_portrait":["https:\/\/elexim.net\/elektromobilita\/wp-content\/uploads\/sites\/2\/2020\/11\/Audi_bratislava-600x502.jpg",600,502,true],"guten_post_layout_square":["https:\/\/elexim.net\/elektromobilita\/wp-content\/uploads\/sites\/2\/2020\/11\/Audi_bratislava-600x502.jpg",600,502,true]},"_links":{"self":[{"href":"https:\/\/elexim.net\/elektromobilita\/wp-json\/wp\/v2\/referencie\/3415"}],"collection":[{"href":"https:\/\/elexim.net\/elektromobilita\/wp-json\/wp\/v2\/referencie"}],"about":[{"href":"https:\/\/elexim.net\/elektromobilita\/wp-json\/wp\/v2\/types\/referencie"}],"wp:featuredmedia":[{"embeddable":true,"href":"https:\/\/elexim.net\/elektromobilita\/wp-json\/wp\/v2\/media\/3417"}],"wp:attachment":[{"href":"https:\/\/elexim.net\/elektromobilita\/wp-json\/wp\/v2\/media?parent=3415"}],"wp:term":[{"taxonomy":"post_format","embeddable":true,"href":"https:\/\/elexim.net\/elektromobilita\/wp-json\/wp\/v2\/post_formats?post=3415"}],"curies":[{"name":"wp","href":"https:\/\/api.w.org\/{rel}","templated":true}]}}