{"id":97,"date":"2019-03-27T18:34:53","date_gmt":"2019-03-27T17:34:53","guid":{"rendered":"http:\/\/elexim.net\/elektromobilita\/?page_id=97"},"modified":"2020-04-02T15:30:42","modified_gmt":"2020-04-02T13:30:42","slug":"reseni-emobility","status":"publish","type":"page","link":"https:\/\/elexim.net\/elektrotechnika\/","title":{"rendered":"Divize elektrotechniky"},"content":{"rendered":"\n<h2><strong>Divize elektrotechnika<\/strong><br>spole\u010dnosti ELEXIM<\/h2>\n\n\n\n<p><strong>ELEXIM, a.s. je ofici\u00e1ln\u00edm distributorem<\/strong> produkt\u016f ABB od roku 2000 a d\u00edky bohat\u00fdm zku\u0161enostem a \u0161irok\u00e9 podpory od v\u00fdrobce, \u00fasp\u011b\u0161n\u011b dod\u00e1v\u00e1 jejich produkty na trhy po cel\u00e9m sv\u011bt\u011b. Soust\u0159e\u010fuje se na v\u00fdrobky pro energetiku, syst\u00e9my pro energetiku, automatizace v\u00fdroby a pohony, v\u00fdrobky n\u00edzk\u00e9ho nap\u011bt\u00ed a procesn\u00ed automatizace.<\/p>\n\n\n\n<p>V roce 2018 se spole\u010dnost stala autorizovan\u00fdm prodejcem pro ABB motory a pohony. Toto portf\u00f3lio produkt\u016f umo\u017e\u0148uje komplexnej\u0161\u00ed dod\u00e1vky v oblasti n\u00edzk\u00e9ho a st\u0159edn\u00edho nap\u011bt\u00ed, roz\u0161\u00ed\u0159en\u00edm pr\u00e1v\u011b o sestavy frekven\u010dn\u00edch m\u011bni\u010d\u016f a motor\u016f, v\u010detn\u011b dod\u00e1vek n\u00e1hradn\u00edch d\u00edl\u016f.<\/p>\n\n\n\n<h2 id=\"mce_21\"><br>N\u00e1\u0161 hlavn\u00ed dodavatel &#8211; <strong>spole\u010dnost ABB<\/strong><\/h2>\n\n\n\n<div class=\"wp-block-columns has-2-columns abb\">\n<div class=\"wp-block-column\">\n<div style=\"background-image: url(\/wp-content\/uploads\/sites\/5\/2020\/01\/Vrstva-47.jpg);width: 100%;height: 100%;min-height: 300px\"><\/div>\n<\/div>\n\n\n\n<div class=\"wp-block-column\">\n<p style=\"background-color:#112471;color:#ffffff\" class=\"has-text-color has-background\">Je mnoho let p\u0159edn\u00ed sv\u011btovou spole\u010dnost\u00ed p\u016fsob\u00edc\u00ed v oblasti energetiky a automatizace se zam\u011b\u0159en\u00edm na oblasti pr\u016fmyslu, distribuce energi\u00ed, ale tak\u00e9 dom\u00e1cnosti.<br><br>ABB je na trhu p\u0159es 120 let a nejv\u011bt\u0161\u00ed pod\u00edl na jeho \u00fasp\u011bchu maj\u00ed neust\u00e1l\u00e9 investice do v\u00fdvoje. M\u00e1 po sv\u011bt\u011b 7 v\u00fdvojov\u00fdch center.<br><br>V \u010cR p\u016fsob\u00ed ABB od roku 1992, v sou\u010dasn\u00e9 dob\u011b p\u016fsob\u00ed v 8 lokalit\u00e1ch. Sv\u00e1 nejv\u00fdznamn\u011bj\u0161\u00ed in\u017een\u00fdrsk\u00e1 v\u00fdzkumn\u00e1 centra a 6 v\u00fdrobn\u00edch z\u00e1vod\u016f m\u00e1 v Praze, Brn\u011b, Ostrav\u011b, Trutnov\u011b a Jablonci. P\u0159ibli\u017en\u011b 80 % produkce se vyv\u00e1\u017e\u00ed, co\u017e sv\u011bd\u010d\u00ed o vysok\u00e9 kvalit\u011b v\u00fdrobk\u016f ABB z \u010cR.<br><br><a rel=\"noreferrer noopener\" href=\"https:\/\/new.abb.com\/cz\" target=\"_blank\">V\u00edce o spole\u010dnosti ABB<\/a><\/p>\n<\/div>\n<\/div>\n\n\n\n<h2 id=\"mce_23\"><br>Spole\u010dnost d\u00e1le poskytuje dod\u00e1vky t\u011bchto zna\u010dek<\/h2>\n\n\n\n<div class=\"wp-block-columns has-3-columns loga\">\n<div class=\"wp-block-column\">\n<figure class=\"wp-block-image\"><img loading=\"lazy\" width=\"408\" height=\"90\" src=\"http:\/\/elexim.net\/elektrotechnika\/wp-content\/uploads\/sites\/5\/2019\/11\/siemens.png\" alt=\"\" class=\"wp-image-910 img-responsive img-shadow\" srcset=\"https:\/\/elexim.net\/elektrotechnika\/wp-content\/uploads\/sites\/5\/2019\/11\/siemens.png 408w, https:\/\/elexim.net\/elektrotechnika\/wp-content\/uploads\/sites\/5\/2019\/11\/siemens-300x66.png 300w\" sizes=\"(max-width: 408px) 100vw, 408px\" \/><\/figure>\n<\/div>\n\n\n\n<div class=\"wp-block-column\">\n<figure class=\"wp-block-image\"><img loading=\"lazy\" width=\"478\" height=\"148\" src=\"http:\/\/elexim.net\/elektrotechnika\/wp-content\/uploads\/sites\/5\/2019\/11\/schneider-1.png\" alt=\"\" class=\"wp-image-917 img-responsive img-shadow\" srcset=\"https:\/\/elexim.net\/elektrotechnika\/wp-content\/uploads\/sites\/5\/2019\/11\/schneider-1.png 478w, https:\/\/elexim.net\/elektrotechnika\/wp-content\/uploads\/sites\/5\/2019\/11\/schneider-1-300x93.png 300w\" sizes=\"(max-width: 478px) 100vw, 478px\" \/><\/figure>\n<\/div>\n\n\n\n<div class=\"wp-block-column\">\n<figure class=\"wp-block-image\"><img loading=\"lazy\" width=\"398\" height=\"158\" src=\"http:\/\/elexim.net\/elektrotechnika\/wp-content\/uploads\/sites\/5\/2019\/11\/cewe-1.png\" alt=\"\" class=\"wp-image-918 img-responsive img-shadow\" srcset=\"https:\/\/elexim.net\/elektrotechnika\/wp-content\/uploads\/sites\/5\/2019\/11\/cewe-1.png 398w, https:\/\/elexim.net\/elektrotechnika\/wp-content\/uploads\/sites\/5\/2019\/11\/cewe-1-300x119.png 300w\" sizes=\"(max-width: 398px) 100vw, 398px\" \/><\/figure>\n<\/div>\n<\/div>\n","protected":false},"excerpt":{"rendered":"<p>Divize elektrotechnikaspole\u010dnosti ELEXIM ELEXIM, a.s. je ofici\u00e1ln\u00edm distributorem produkt\u016f ABB od roku 2000 a d\u00edky bohat\u00fdm zku\u0161enostem a \u0161irok\u00e9 podpory od v\u00fdrobce, \u00fasp\u011b\u0161n\u011b dod\u00e1v\u00e1 jejich produkty na trhy po cel\u00e9m&nbsp;&#8230;<\/p>\n","protected":false},"author":1,"featured_media":0,"parent":0,"menu_order":0,"comment_status":"closed","ping_status":"closed","template":"index.php","meta":[],"yoast_head":"<!-- This site is optimized with the Yoast SEO plugin v16.2 - https:\/\/yoast.com\/wordpress\/plugins\/seo\/ -->\n<meta name=\"robots\" content=\"index, follow, max-snippet:-1, max-image-preview:large, max-video-preview:-1\" \/>\n<link rel=\"canonical\" href=\"https:\/\/elexim.net\/elektrotechnika\/\" \/>\n<meta property=\"og:locale\" content=\"cs_CZ\" \/>\n<meta property=\"og:type\" content=\"article\" \/>\n<meta property=\"og:title\" content=\"Divize elektrotechniky - ELEXIM - Elektrotechnika\" \/>\n<meta property=\"og:description\" content=\"Divize elektrotechnikaspole\u010dnosti ELEXIM ELEXIM, a.s. je ofici\u00e1ln\u00edm distributorem produkt\u016f ABB od roku 2000 a d\u00edky bohat\u00fdm zku\u0161enostem a \u0161irok\u00e9 podpory od v\u00fdrobce, \u00fasp\u011b\u0161n\u011b dod\u00e1v\u00e1 jejich produkty na trhy po cel\u00e9m&nbsp;...\" \/>\n<meta property=\"og:url\" content=\"https:\/\/elexim.net\/elektrotechnika\/\" \/>\n<meta property=\"og:site_name\" content=\"ELEXIM - Elektrotechnika\" \/>\n<meta property=\"article:modified_time\" content=\"2020-04-02T13:30:42+00:00\" \/>\n<meta property=\"og:image\" content=\"http:\/\/elexim.net\/elektrotechnika\/wp-content\/uploads\/sites\/5\/2019\/11\/siemens.png\" \/>\n<meta name=\"twitter:card\" content=\"summary_large_image\" \/>\n<meta name=\"twitter:label1\" content=\"Odhadovan\u00e1 doba \u010dten\u00ed\">\n\t<meta name=\"twitter:data1\" content=\"1 minuta\">\n<script type=\"application\/ld+json\" class=\"yoast-schema-graph\">{\"@context\":\"https:\/\/schema.org\",\"@graph\":[{\"@type\":\"WebSite\",\"@id\":\"https:\/\/elexim.net\/elektrotechnika\/#website\",\"url\":\"https:\/\/elexim.net\/elektrotechnika\/\",\"name\":\"ELEXIM - Elektrotechnika\",\"description\":\"ELEXIM, a.s. je ofici\\u00e1ln\\u00edm distributorem produkt\\u016f ABB od roku 2000 a d\\u00edky bohat\\u00fdm zku\\u0161enostem a \\u0161irok\\u00e9 podpory od v\\u00fdrobce, \\u00fasp\\u011b\\u0161n\\u011b dod\\u00e1v\\u00e1 jejich produkty na trhy po cel\\u00e9m sv\\u011bt\\u011b.\",\"potentialAction\":[{\"@type\":\"SearchAction\",\"target\":\"https:\/\/elexim.net\/elektrotechnika\/?s={search_term_string}\",\"query-input\":\"required name=search_term_string\"}],\"inLanguage\":\"cs\"},{\"@type\":\"ImageObject\",\"@id\":\"https:\/\/elexim.net\/elektrotechnika\/#primaryimage\",\"inLanguage\":\"cs\",\"url\":\"http:\/\/elexim.net\/elektrotechnika\/wp-content\/uploads\/sites\/5\/2019\/11\/siemens.png\",\"contentUrl\":\"http:\/\/elexim.net\/elektrotechnika\/wp-content\/uploads\/sites\/5\/2019\/11\/siemens.png\"},{\"@type\":\"WebPage\",\"@id\":\"https:\/\/elexim.net\/elektrotechnika\/#webpage\",\"url\":\"https:\/\/elexim.net\/elektrotechnika\/\",\"name\":\"Divize elektrotechniky - ELEXIM - Elektrotechnika\",\"isPartOf\":{\"@id\":\"https:\/\/elexim.net\/elektrotechnika\/#website\"},\"primaryImageOfPage\":{\"@id\":\"https:\/\/elexim.net\/elektrotechnika\/#primaryimage\"},\"datePublished\":\"2019-03-27T17:34:53+00:00\",\"dateModified\":\"2020-04-02T13:30:42+00:00\",\"breadcrumb\":{\"@id\":\"https:\/\/elexim.net\/elektrotechnika\/#breadcrumb\"},\"inLanguage\":\"cs\",\"potentialAction\":[{\"@type\":\"ReadAction\",\"target\":[\"https:\/\/elexim.net\/elektrotechnika\/\"]}]},{\"@type\":\"BreadcrumbList\",\"@id\":\"https:\/\/elexim.net\/elektrotechnika\/#breadcrumb\",\"itemListElement\":[{\"@type\":\"ListItem\",\"position\":1,\"item\":{\"@type\":\"WebPage\",\"@id\":\"https:\/\/elexim.net\/elektrotechnika\/\",\"url\":\"https:\/\/elexim.net\/elektrotechnika\/\",\"name\":\"Dom\\u016f\"}},{\"@type\":\"ListItem\",\"position\":2,\"item\":{\"@id\":\"https:\/\/elexim.net\/elektrotechnika\/#webpage\"}}]}]}<\/script>\n<!-- \/ Yoast SEO plugin. -->","guten_post_layout_featured_media_urls":{"full":false,"thumbnail":false,"medium":false,"medium_large":false,"large":false,"1536x1536":false,"2048x2048":false,"thumb":false,"produkt":false,"header":false,"guten_post_layout_landscape_large":false,"guten_post_layout_portrait_large":false,"guten_post_layout_square_large":false,"guten_post_layout_landscape":false,"guten_post_layout_portrait":false,"guten_post_layout_square":false},"_links":{"self":[{"href":"https:\/\/elexim.net\/elektrotechnika\/wp-json\/wp\/v2\/pages\/97"}],"collection":[{"href":"https:\/\/elexim.net\/elektrotechnika\/wp-json\/wp\/v2\/pages"}],"about":[{"href":"https:\/\/elexim.net\/elektrotechnika\/wp-json\/wp\/v2\/types\/page"}],"author":[{"embeddable":true,"href":"https:\/\/elexim.net\/elektrotechnika\/wp-json\/wp\/v2\/users\/1"}],"replies":[{"embeddable":true,"href":"https:\/\/elexim.net\/elektrotechnika\/wp-json\/wp\/v2\/comments?post=97"}],"version-history":[{"count":31,"href":"https:\/\/elexim.net\/elektrotechnika\/wp-json\/wp\/v2\/pages\/97\/revisions"}],"predecessor-version":[{"id":1165,"href":"https:\/\/elexim.net\/elektrotechnika\/wp-json\/wp\/v2\/pages\/97\/revisions\/1165"}],"wp:attachment":[{"href":"https:\/\/elexim.net\/elektrotechnika\/wp-json\/wp\/v2\/media?parent=97"}],"curies":[{"name":"wp","href":"https:\/\/api.w.org\/{rel}","templated":true}]}}